{"id":1798,"date":"2020-08-07T09:19:10","date_gmt":"2020-08-07T08:19:10","guid":{"rendered":"https:\/\/www.stockalperweg.ch\/offres\/gefuehrte-wanderungen\/"},"modified":"2024-12-20T08:14:10","modified_gmt":"2024-12-20T07:14:10","slug":"randonnees-guidees","status":"publish","type":"page","link":"https:\/\/www.stockalperweg.ch\/fr\/offres\/randonnees-guidees\/","title":{"rendered":"Randonn\u00e9es guid\u00e9es"},"content":{"rendered":"<div id='full_slider_1'  class='avia-fullwidth-slider main_color avia-shadow   avia-builder-el-0  el_before_av_textblock  avia-builder-el-first   container_wrap fullsize'  ><div  class='avia-slideshow av-k5fgmq02-4a9ff03d6b282ceb96ac186495efb1ee avia-slideshow-featured_large av_slideshow_full avia-slide-slider av-slideshow-ui av-control-default av-slideshow-manual av-loop-once av-loop-manual-endless av-default-height-applied   avia-slideshow-1' data-slideshow-options=\"{&quot;animation&quot;:&quot;slide&quot;,&quot;autoplay&quot;:false,&quot;loop_autoplay&quot;:&quot;once&quot;,&quot;interval&quot;:5,&quot;loop_manual&quot;:&quot;manual-endless&quot;,&quot;autoplay_stopper&quot;:false,&quot;noNavigation&quot;:false,&quot;bg_slider&quot;:false,&quot;keep_padding&quot;:false,&quot;hoverpause&quot;:false,&quot;show_slide_delay&quot;:0}\"  itemprop=\"image\" itemscope=\"itemscope\" itemtype=\"https:\/\/schema.org\/ImageObject\" ><ul class='avia-slideshow-inner ' style='padding-bottom: 42.028018679119%;'><li  class='avia-slideshow-slide av-k5fgmq02-4a9ff03d6b282ceb96ac186495efb1ee__0  av-single-slide slide-1 slide-odd'><div data-rel='slideshow-1' class='avia-slide-wrap '   ><img decoding=\"async\" fetchpriority=\"high\" class=\"wp-image-874 avia-img-lazy-loading-not-874\"  src=\"https:\/\/www.stockalperweg.ch\/wp-content\/uploads\/2020\/02\/Gef\u00fchrte-Wanderung-Stockalperweg-1499x630.jpg\" width=\"1499\" height=\"630\" title='Gef\u00fchrte Wanderung Stockalperweg' alt='\tGef\u00fchrte Wanderung Stockalperweg'  itemprop=\"thumbnailUrl\"   \/><\/div><\/li><\/ul><\/div><\/div><div id='after_full_slider_1'  class='main_color av_default_container_wrap container_wrap fullsize'  ><div class='container av-section-cont-open' ><div class='template-page content  av-content-full alpha units'><div class='post-entry post-entry-type-page post-entry-1798'><div class='entry-content-wrapper clearfix'>\n<section  class='av_textblock_section av-m4wethd0-2bc2dcb309f53c57e94328b2d65c8b4a '   itemscope=\"itemscope\" itemtype=\"https:\/\/schema.org\/CreativeWork\" ><div class='avia_textblock'  itemprop=\"text\" ><h2>Randonn\u00e9es guid\u00e9es sur le sentier Stockalper<\/h2>\n<p>Entdecken Sie auf der Kultur-Wanderreise entlang des Stockalperwegs Dinge,<\/p>\n<p>D\u00e9couvrez, lors de la randonn\u00e9e culturelle le long du Stockalperweg, des choses que vous n&rsquo;auriez jamais d\u00e9couvertes sans un guide comp\u00e9tent. Les guides de randonn\u00e9e transmettent leur savoir et connaissent les points forts culinaires, paysagers et historiques de la randonn\u00e9e Stockalper.<\/p>\n<p>Chaque randonn\u00e9e guid\u00e9e est unique. Les guides de randonn\u00e9e mettent l&rsquo;accent sur diff\u00e9rents points.<\/p>\n<ul>\n<li><a href=\"https:\/\/www.stockalperweg.ch\/fr\/offres\/randonnees-guidees\/#rolf\">sur demande \/ Rolf Gruber<\/a><\/li>\n<\/ul>\n<\/div><\/section>\n<\/div><\/div><\/div><!-- close content main div --><\/div><\/div><div id='peter'  class='avia-section av-jlnne-1645b6fcc1541579cbfcd7c1164a4f0b main_color avia-section-no-padding avia-no-border-styling  avia-builder-el-2  el_after_av_textblock  el_before_av_slideshow_full  av-desktop-hide av-medium-hide av-small-hide av-mini-hide avia-bg-style-scroll container_wrap fullsize'  ><div class='container av-section-cont-open' ><div class='template-page content  av-content-full alpha units'><div class='post-entry post-entry-type-page post-entry-1798'><div class='entry-content-wrapper clearfix'>\n\n<style type=\"text\/css\" data-created_by=\"avia_inline_auto\" id=\"style-css-av-dk4mq-58ef91405aef4be3e114685c7ce86c5c\">\n.flex_column.av-dk4mq-58ef91405aef4be3e114685c7ce86c5c{\nborder-radius:0px 0px 0px 0px;\npadding:0px 0px 0px 0px;\n}\n<\/style>\n<div  class='flex_column av-dk4mq-58ef91405aef4be3e114685c7ce86c5c av_two_third  avia-builder-el-3  el_before_av_one_third  avia-builder-el-first  first flex_column_div av-zero-column-padding  '     ><section  class='av_textblock_section av-k5fglpn8-19477c28de75ba928dd8f8affb031cb9 '   itemscope=\"itemscope\" itemtype=\"https:\/\/schema.org\/CreativeWork\" ><div class='avia_textblock'  itemprop=\"text\" ><h2>Chemin Stockalper \/ Randonn\u00e9e culturelle<\/h2>\n<h3>sur demande avec Peter Salzmann<\/h3>\n<p>Kaspar Stockalper se consid\u00e9rait comme le favori de Dieu et a profit\u00e9 de la guerre de Trente Ans autant qu&rsquo;il a pu. Son ancien chemin muletier par le col du Simplon est pav\u00e9 d&rsquo;argent, de sel, de politique, de religion, d&rsquo;intrigues et de sang. Il suffit d&rsquo;en voir les traces.<\/p>\n<\/div><\/section><br \/>\n<section  class='av_textblock_section av-k5fglpn8-35-8b993c791563bd506d07ff38bd059589 '   itemscope=\"itemscope\" itemtype=\"https:\/\/schema.org\/CreativeWork\" ><div class='avia_textblock'  itemprop=\"text\" ><h3>1er jour : Aventure aurif\u00e8re \u00e0 Gondo<\/h3>\n<p>Arriv\u00e9e \u00e0 Gondo, rendez-vous \u00e0 l&rsquo;h\u00f4tel Stockalperturm \u00e0 13h00. L&rsquo;apr\u00e8s-midi, visite des mines d&rsquo;or dans la vall\u00e9e sauvage et romantique du Zwischberg, o\u00f9 Kaspar Stockalper a exploit\u00e9 une mine au 16e si\u00e8cle. Orpaillage dans le Grosswasser (5 km, 300 m de mont\u00e9e et de descente, 2,5 h). Nuit \u00e0 l&rsquo;h\u00f4tel Stockalperturm \u00e0 Gondo, charg\u00e9 d&rsquo;histoire, o\u00f9 se trouve \u00e9galement le mus\u00e9e de l&rsquo;extraction de l&rsquo;or.<\/p>\n<\/div><\/section><br \/>\n<section  class='av_textblock_section av-k5fglpn8-34-f45ca4c80b0ab2551337dd934e687f4d '   itemscope=\"itemscope\" itemtype=\"https:\/\/schema.org\/CreativeWork\" ><div class='avia_textblock'  itemprop=\"text\" ><h3>2e jour : Gondo &#8211; village du Simplon<\/h3>\n<p>Nous partons du village de contrebandiers de Gondo et traversons les imposantes gorges de Gondo. Nous traversons la forteresse de Gondo datant de la Premi\u00e8re et de la Seconde Guerre mondiale par une galerie de 300 m\u00e8tres de long. Visite du mus\u00e9e des transports dans l&rsquo;ancienne caserne. En passant par Gabi, nous atteignons Simplon village (10 km, 620 m de mont\u00e9e, 3,5 h). Visite guid\u00e9e \u00ab\u00a0menteur\u00a0\u00bb du village Walser de Simplon Dorf et du mus\u00e9e dans l&rsquo;ancienne auberge. Visite de la fromagerie du village et de la boulangerie o\u00f9 l&rsquo;on peut d\u00e9guster le fameux fromage.<\/p>\n<\/div><\/section><br \/>\n<section  class='av_textblock_section av-k5fglpn8-33-fdc8773574c3cb4e21e5c5200165ac0d '   itemscope=\"itemscope\" itemtype=\"https:\/\/schema.org\/CreativeWork\" ><div class='avia_textblock'  itemprop=\"text\" ><h3>3e jour : Simplon village &#8211; col du Simplon<\/h3>\n<\/div><\/section><br \/>\n<section  class='av_textblock_section av-k5fglpn8-32-f39b84923ee16fce1d10328bd9e4b65a '   itemscope=\"itemscope\" itemtype=\"https:\/\/schema.org\/CreativeWork\" ><div class='avia_textblock'  itemprop=\"text\" ><p>Nous quittons le village agricole de Simplon en passant par un champ d&rsquo;\u00e9boulement glaciaire vieux d&rsquo;un si\u00e8cle. Le chemin, en partie pav\u00e9, traverse des for\u00eats de m\u00e9l\u00e8zes a\u00e9r\u00e9es et des prairies verdoyantes. Des plantes rares prosp\u00e8rent dans le paysage prot\u00e9g\u00e9 du haut-marais (9 km, 540 m de mont\u00e9e, 3.5 h). Apr\u00e8s avoir pris possession de nos chambres, nous visitons l&rsquo;aigle du Simplon en granit de Gondo, haut de 9 m, et les lacs de baignade idylliques.<\/p>\n<\/div><\/section><br \/>\n<section  class='av_textblock_section av-k5fglpn8-31-c9161ed7a3dcad3a82f412339aaa688a '   itemscope=\"itemscope\" itemtype=\"https:\/\/schema.org\/CreativeWork\" ><div class='avia_textblock'  itemprop=\"text\" ><h3>4e jour : Col du Simplon &#8211; Brigue<\/h3>\n<p>Le long du tumultueux Tafernabach, nous arrivons chez Johannely Fy, l&rsquo;aubergiste de la Tafernen, qui doit encore aujourd&rsquo;hui purger sa peine pour avoir barbot\u00e9 du vin dans le glacier tout proche. Dans la zone alluviale du \u00ab\u00a0Grund\u00a0\u00bb, o\u00f9 la Taferna, le Nesselbach et le Ganterbach se rejoignent pour former la Saltina, Stockalper exploitait une mine de fer. Nous traversons des steppes s\u00e8ches et des for\u00eats de pins pour atteindre la petite ville de Brigue (12 km, 200 m de mont\u00e9e, 1550 m de descente, 5 h), o\u00f9 nous terminons par une visite guid\u00e9e de l&rsquo;immense ch\u00e2teau Stockalper, que Kaspar Stockalper s&rsquo;est fait construire au milieu du 17e si\u00e8cle.<\/p>\n<\/div><\/section><\/p><\/div>\n<style type=\"text\/css\" data-created_by=\"avia_inline_auto\" id=\"style-css-av-k5fjcl9k-ccaba1e09c30567caf698561cc6f06ec\">\n@keyframes av_boxShadowEffect_av-k5fjcl9k-ccaba1e09c30567caf698561cc6f06ec-column {\n0%   { box-shadow:  0 0 0 0 #000000; opacity: 1; }\n100% { box-shadow:  0 0 5px 0 #000000; opacity: 1; }\n}\n.flex_column.av-k5fjcl9k-ccaba1e09c30567caf698561cc6f06ec{\nbox-shadow: 0 0 5px 0 #000000;\nborder-radius:0px 0px 0px 0px;\npadding:15px 15px 15px 15px;\n}\n<\/style>\n<div  class='flex_column av-k5fjcl9k-ccaba1e09c30567caf698561cc6f06ec av_one_third  avia-builder-el-10  el_after_av_two_third  el_before_av_one_fifth  flex_column_div shadow-not-animated av-hide-on-mobile  '     ><section  class='av_textblock_section av-k6j76phl-a280eb26b277d141d098d6c351dbc60b '   itemscope=\"itemscope\" itemtype=\"https:\/\/schema.org\/CreativeWork\" ><div class='avia_textblock'  itemprop=\"text\" ><h3>Peter Salzmann<\/h3>\n<\/div><\/section><br \/>\n\n<style type=\"text\/css\" data-created_by=\"avia_inline_auto\" id=\"style-css-av-k6j5xwsb-9233203e5daae431006b36d5ca5dae7e\">\n.avia-image-container.av-k6j5xwsb-9233203e5daae431006b36d5ca5dae7e img.avia_image{\nbox-shadow:none;\n}\n.avia-image-container.av-k6j5xwsb-9233203e5daae431006b36d5ca5dae7e .av-image-caption-overlay-center{\ncolor:#ffffff;\n}\n<\/style>\n<div  class='avia-image-container av-k6j5xwsb-9233203e5daae431006b36d5ca5dae7e av-styling- avia-align-center  avia-builder-el-12  el_after_av_textblock  el_before_av_icon_box '   itemprop=\"image\" itemscope=\"itemscope\" itemtype=\"https:\/\/schema.org\/ImageObject\" ><div class=\"avia-image-container-inner\"><div class=\"avia-image-overlay-wrap\"><img decoding=\"async\" fetchpriority=\"high\" class='wp-image-887 avia-img-lazy-loading-not-887 avia_image ' src=\"https:\/\/www.stockalperweg.ch\/wp-content\/uploads\/2020\/02\/Kulturf\u00fchrer-Peter-Salzmann.jpg\" alt='Kulturf\u00fchrer Peter Salzmann' title='Kulturf\u00fchrer Peter Salzmann'  height=\"669\" width=\"488\"  itemprop=\"thumbnailUrl\" srcset=\"https:\/\/www.stockalperweg.ch\/wp-content\/uploads\/2020\/02\/Kulturf\u00fchrer-Peter-Salzmann.jpg 488w, https:\/\/www.stockalperweg.ch\/wp-content\/uploads\/2020\/02\/Kulturf\u00fchrer-Peter-Salzmann-219x300.jpg 219w\" sizes=\"(max-width: 488px) 100vw, 488px\" \/><\/div><\/div><\/div><br \/>\n<article  class='iconbox iconbox_left av-k5fj8kx5-d7759550b76aa54c8b3218e81c1f53b5  avia-builder-el-13  el_after_av_image  el_before_av_iconlist '  itemscope=\"itemscope\" itemtype=\"https:\/\/schema.org\/CreativeWork\" ><div class=\"iconbox_content\"><header class=\"entry-content-header\" aria-label=\"Ic\u00f4ne : \u00e0 partir de CHF 980.-\"><div class='iconbox_icon heading-color avia-iconfont avia-font-entypo-fontello' data-av_icon='\ue827' data-av_iconfont='entypo-fontello'  ><\/div><h3 class='iconbox_content_title '  itemprop=\"headline\" >\u00e0 partir de CHF 980.-<\/h3><\/header><div class='iconbox_content_container '  itemprop=\"text\" ><p>par personne en chambre double<\/p>\n<\/div><\/div><footer class=\"entry-footer\"><\/footer><\/article><br \/>\n<div  class='avia-icon-list-container av-k5fgvyxj-06de51dd38212496196d36f736a5cb8c  avia-builder-el-14  el_after_av_icon_box  el_before_av_button '><ul class='avia-icon-list avia_animate_when_almost_visible avia-icon-list-left av-iconlist-small av-k5fgvyxj-06de51dd38212496196d36f736a5cb8c avia-iconlist-animate'>\n<li><div class='iconlist_icon av-2s6c0-0c71c690293e17e62bb7372e7ac1f110 avia-font-entypo-fontello avia-iconfont avia-font-entypo-fontello'><span class='av-icon-char' data-av_icon='\ue85b' data-av_iconfont='entypo-fontello' aria-hidden=\"true\"><\/span><\/div><article class=\"article-icon-entry av-iconlist-empty\"  itemscope=\"itemscope\" itemtype=\"https:\/\/schema.org\/CreativeWork\" ><div class=\"iconlist_content_wrap\"><header class=\"entry-content-header\" aria-label=\"Ic\u00f4ne : Sur demande\"><div class='av_iconlist_title iconlist_title_small  '  itemprop=\"headline\" >Sur demande<\/div><\/header><div class='iconlist_content '  itemprop=\"text\" ><\/div><\/div><footer class=\"entry-footer\"><\/footer><\/article><div class=\"iconlist-timeline\"><\/div><\/li>\n<\/ul><\/div><br \/>\n<div  class='avia-button-wrap av-k5fgs1k1-2e50897c3a3319494f9f363aede2f35b-wrap avia-button-center  avia-builder-el-15  el_after_av_iconlist  avia-builder-el-last '><a href='https:\/\/www.alpevents.ch\/wanderwochen\/viastockalper-59'  class='avia-button av-k5fgs1k1-2e50897c3a3319494f9f363aede2f35b av-link-btn avia-icon_select-yes-left-icon avia-size-small avia-position-center avia-color-theme-color'  target=\"_blank\"  rel=\"noopener noreferrer\"  aria-label=\"demander une offre personnelle\"><span class='avia_button_icon avia_button_icon_left avia-iconfont avia-font-entypo-fontello' data-av_icon='\ue812' data-av_iconfont='entypo-fontello' ><\/span><span class='avia_iconbox_title' >demander une offre personnelle<\/span><\/a><\/div><\/p><\/div>\n<style type=\"text\/css\" data-created_by=\"avia_inline_auto\" id=\"style-css-av-1t1f0e-cc1f5c1232f838689af5e5638cfed1b9\">\n.flex_column.av-1t1f0e-cc1f5c1232f838689af5e5638cfed1b9{\nborder-radius:0px 0px 0px 0px;\npadding:0px 0px 0px 0px;\n}\n<\/style>\n<div  class='flex_column av-1t1f0e-cc1f5c1232f838689af5e5638cfed1b9 av_one_fifth  avia-builder-el-16  el_after_av_one_third  el_before_av_one_fifth  first flex_column_div av-zero-column-padding  column-top-margin'     ><style type=\"text\/css\" data-created_by=\"avia_inline_auto\" id=\"style-css-av-k6alqzns-9a1eb0970860fa4cdb097522495068ba\">\n.av_font_icon.av-k6alqzns-9a1eb0970860fa4cdb097522495068ba .av-icon-char{\nfont-size:40px;\nline-height:40px;\nwidth:40px;\n}\n<\/style>\n<span  class='av_font_icon av-k6alqzns-9a1eb0970860fa4cdb097522495068ba avia_animate_when_visible av-icon-style-border avia-icon-pos-center avia-iconfont avia-font-entypo-fontello av-no-color avia-icon-animate'><span class='av-icon-char' data-av_icon='\ue80b' data-av_iconfont='entypo-fontello' aria-hidden=\"true\" ><\/span><span class='av_icon_caption av-special-font'>4 jours de visite guid\u00e9e par des experts<\/span><\/span><\/div>\n<style type=\"text\/css\" data-created_by=\"avia_inline_auto\" id=\"style-css-av-1nb4ba-091dd6b40b41defb39d3f8be777f84ff\">\n.flex_column.av-1nb4ba-091dd6b40b41defb39d3f8be777f84ff{\nborder-radius:0px 0px 0px 0px;\npadding:0px 0px 0px 0px;\n}\n<\/style>\n<div  class='flex_column av-1nb4ba-091dd6b40b41defb39d3f8be777f84ff av_one_fifth  avia-builder-el-18  el_after_av_one_fifth  el_before_av_one_fifth  flex_column_div av-zero-column-padding  column-top-margin'     ><style type=\"text\/css\" data-created_by=\"avia_inline_auto\" id=\"style-css-av-k6alqzns-22-3b430baa2869f167a7aeeacc07323059\">\n.av_font_icon.av-k6alqzns-22-3b430baa2869f167a7aeeacc07323059 .av-icon-char{\nfont-size:40px;\nline-height:40px;\nwidth:40px;\n}\n<\/style>\n<span  class='av_font_icon av-k6alqzns-22-3b430baa2869f167a7aeeacc07323059 avia_animate_when_visible av-icon-style-border avia-icon-pos-center avia-iconfont avia-font-entypo-fontello av-no-color avia-icon-animate'><span class='av-icon-char' data-av_icon='\ue821' data-av_iconfont='entypo-fontello' aria-hidden=\"true\" ><\/span><span class='av_icon_caption av-special-font'>3 nuits en h\u00f4tels<\/span><\/span><\/div>\n<style type=\"text\/css\" data-created_by=\"avia_inline_auto\" id=\"style-css-av-1gsmye-e13e498a2cac8648e9884231083daf24\">\n.flex_column.av-1gsmye-e13e498a2cac8648e9884231083daf24{\nborder-radius:0px 0px 0px 0px;\npadding:0px 0px 0px 0px;\n}\n<\/style>\n<div  class='flex_column av-1gsmye-e13e498a2cac8648e9884231083daf24 av_one_fifth  avia-builder-el-20  el_after_av_one_fifth  el_before_av_one_fifth  flex_column_div av-zero-column-padding  column-top-margin'     ><style type=\"text\/css\" data-created_by=\"avia_inline_auto\" id=\"style-css-av-k6alqzns-20-34edfe5c8f39318aa7df9f9a3fb91fde\">\n.av_font_icon.av-k6alqzns-20-34edfe5c8f39318aa7df9f9a3fb91fde .av-icon-char{\nfont-size:40px;\nline-height:40px;\nwidth:40px;\n}\n<\/style>\n<span  class='av_font_icon av-k6alqzns-20-34edfe5c8f39318aa7df9f9a3fb91fde avia_animate_when_visible av-icon-style-border avia-icon-pos-center avia-iconfont avia-font-fontello av-no-color avia-icon-animate'><span class='av-icon-char' data-av_icon='\uf0f5' data-av_iconfont='fontello' aria-hidden=\"true\" ><\/span><span class='av_icon_caption av-special-font'>demi-pension<\/span><\/span><\/div>\n<style type=\"text\/css\" data-created_by=\"avia_inline_auto\" id=\"style-css-av-188f9y-5d87c6a6b06859a9e166ab8a2bdfd295\">\n.flex_column.av-188f9y-5d87c6a6b06859a9e166ab8a2bdfd295{\nborder-radius:0px 0px 0px 0px;\npadding:0px 0px 0px 0px;\n}\n<\/style>\n<div  class='flex_column av-188f9y-5d87c6a6b06859a9e166ab8a2bdfd295 av_one_fifth  avia-builder-el-22  el_after_av_one_fifth  el_before_av_one_fifth  flex_column_div av-zero-column-padding  column-top-margin'     ><style type=\"text\/css\" data-created_by=\"avia_inline_auto\" id=\"style-css-av-k6alqzns-18-6edf51bea476ecf4614c70ba21f45ce3\">\n.av_font_icon.av-k6alqzns-18-6edf51bea476ecf4614c70ba21f45ce3 .av-icon-char{\nfont-size:40px;\nline-height:40px;\nwidth:40px;\n}\n<\/style>\n<span  class='av_font_icon av-k6alqzns-18-6edf51bea476ecf4614c70ba21f45ce3 avia_animate_when_visible av-icon-style-border avia-icon-pos-center avia-iconfont avia-font-entypo-fontello av-no-color avia-icon-animate'><span class='av-icon-char' data-av_icon='\ue8bc' data-av_iconfont='entypo-fontello' aria-hidden=\"true\" ><\/span><span class='av_icon_caption av-special-font'>Transport des bagages <\/span><\/span><\/div>\n<style type=\"text\/css\" data-created_by=\"avia_inline_auto\" id=\"style-css-av-11b0vq-db9e716108c5295d757ff79025d1c8ea\">\n.flex_column.av-11b0vq-db9e716108c5295d757ff79025d1c8ea{\nborder-radius:0px 0px 0px 0px;\npadding:0px 0px 0px 0px;\n}\n<\/style>\n<div  class='flex_column av-11b0vq-db9e716108c5295d757ff79025d1c8ea av_one_fifth  avia-builder-el-24  el_after_av_one_fifth  avia-builder-el-last  flex_column_div av-zero-column-padding  column-top-margin'     ><article  class='iconbox iconbox_left av-k6alnrg1-5c01022214b89b9370ff8b3a06fbf99a  avia-builder-el-25  avia-builder-el-no-sibling '  itemscope=\"itemscope\" itemtype=\"https:\/\/schema.org\/CreativeWork\" ><div class=\"iconbox_content\"><header class=\"entry-content-header\" aria-label=\"Ic\u00f4ne : Nous vous conseillons volontiers\"><div class='iconbox_icon heading-color avia-iconfont avia-font-entypo-fontello' data-av_icon='' data-av_iconfont='entypo-fontello'  ><\/div><h3 class='iconbox_content_title '  itemprop=\"headline\" >Nous vous conseillons volontiers<\/h3><\/header><div class='iconbox_content_container '  itemprop=\"text\" ><p><a href=\"tel:+41 27 921 60 30\">+41 27 921 60 30<\/a><\/p>\n<p><a href=\"&#x6d;&#97;i&#x6c;&#x74;&#111;:&#x69;&#x6e;&#102;o&#x40;&#115;t&#x6f;&#x63;&#107;a&#x6c;&#x70;&#101;r&#x77;&#101;&#103;&#x2e;&#x63;&#104;\">&#x69;&#x6e;&#102;&#111;&#64;&#x73;&#x74;&#x6f;&#99;&#107;a&#x6c;&#x70;&#x65;&#114;&#119;e&#x67;&#x2e;&#x63;&#104;<\/a><\/p>\n<div  class='avia-button-wrap av-wnqi6-8f9179a0c8e34346691cfb83c4a33b35-wrap avia-button-left  avia-builder-el-26  avia-builder-el-no-sibling '><a href='https:\/\/www.stockalperweg.ch\/fr\/offres\/demander\/'  class='avia-button av-wnqi6-8f9179a0c8e34346691cfb83c4a33b35 av-link-btn avia-icon_select-yes-left-icon avia-size-small avia-position-left avia-color-theme-color'   aria-label=\"Formulaire de demande\"><span class='avia_button_icon avia_button_icon_left avia-iconfont avia-font-entypo-fontello' data-av_icon='\ue837' data-av_iconfont='entypo-fontello' ><\/span><span class='avia_iconbox_title' >Formulaire de demande<\/span><\/a><\/div>\n<\/div><\/div><footer class=\"entry-footer\"><\/footer><\/article><\/div>\n\n<\/div><\/div><\/div><!-- close content main div --><\/div><\/div><div id='full_slider_2'  class='avia-fullwidth-slider main_color avia-shadow   avia-builder-el-27  el_after_av_section  el_before_av_hr   slider-not-first container_wrap fullsize'  ><div  class='avia-slideshow av-k6j7bbhd-d8a8ff3e8179cc16aa213273bf21418b avia-slideshow-featured av_slideshow_full avia-fade-slider av-slideshow-ui av-control-default av-slideshow-manual av-loop-once av-loop-manual-endless av-default-height-applied   avia-slideshow-2' data-slideshow-options=\"{&quot;animation&quot;:&quot;fade&quot;,&quot;autoplay&quot;:false,&quot;loop_autoplay&quot;:&quot;once&quot;,&quot;interval&quot;:5,&quot;loop_manual&quot;:&quot;manual-endless&quot;,&quot;autoplay_stopper&quot;:false,&quot;noNavigation&quot;:false,&quot;bg_slider&quot;:false,&quot;keep_padding&quot;:false,&quot;hoverpause&quot;:false,&quot;show_slide_delay&quot;:0}\"  itemprop=\"image\" itemscope=\"itemscope\" itemtype=\"https:\/\/schema.org\/ImageObject\" ><ul class='avia-slideshow-inner ' style='padding-bottom: 28.666666666667%;'><li  class='avia-slideshow-slide av-k6j7bbhd-d8a8ff3e8179cc16aa213273bf21418b__0  av-single-slide slide-1 slide-odd'><div data-rel='slideshow-2' class='avia-slide-wrap '   ><img decoding=\"async\" fetchpriority=\"high\" class=\"wp-image-712 avia-img-lazy-loading-not-712\"  src=\"https:\/\/www.stockalperweg.ch\/wp-content\/uploads\/2020\/02\/Fr\u00fchling-auf-dem-Stockalperweg-1500x430.jpg\" width=\"1500\" height=\"430\" title='Fr\u00fchling auf dem Stockalperweg' alt='Fr\u00fchling Stockalperweg Chluismatte'  itemprop=\"thumbnailUrl\"   \/><\/div><\/li><\/ul><\/div><\/div><div id='after_full_slider_2'  class='main_color av_default_container_wrap container_wrap fullsize'  ><div class='container av-section-cont-open' ><div class='template-page content  av-content-full alpha units'><div class='post-entry post-entry-type-page post-entry-1798'><div class='entry-content-wrapper clearfix'>\n\n<style type=\"text\/css\" data-created_by=\"avia_inline_auto\" id=\"style-css-av-k6j7damr-4660cfa702f92e04b3ab17c9a5e68c91\">\n#top .hr.hr-invisible.av-k6j7damr-4660cfa702f92e04b3ab17c9a5e68c91{\nheight:50px;\n}\n<\/style>\n<div  class='hr av-k6j7damr-4660cfa702f92e04b3ab17c9a5e68c91 hr-invisible  avia-builder-el-28  el_after_av_slideshow_full  el_before_av_section  avia-builder-el-no-sibling '><span class='hr-inner '><span class=\"hr-inner-style\"><\/span><\/span><\/div>\n<\/div><\/div><\/div><!-- close content main div --><\/div><\/div><div id='rolf'  class='avia-section av-jlnne-37-7aaeafdbfc11141cc5fb6045bc212730 main_color avia-section-no-padding avia-no-border-styling  avia-builder-el-29  el_after_av_hr  el_before_av_slideshow_full  avia-bg-style-scroll container_wrap fullsize'  ><div class='container av-section-cont-open' ><div class='template-page content  av-content-full alpha units'><div class='post-entry post-entry-type-page post-entry-1798'><div class='entry-content-wrapper clearfix'>\n\n<style type=\"text\/css\" data-created_by=\"avia_inline_auto\" id=\"style-css-av-dk4mq-36-6150634e1ca830ccd63a056fb217886c\">\n.flex_column.av-dk4mq-36-6150634e1ca830ccd63a056fb217886c{\nborder-radius:0px 0px 0px 0px;\npadding:0px 0px 0px 0px;\n}\n<\/style>\n<div  class='flex_column av-dk4mq-36-6150634e1ca830ccd63a056fb217886c av_two_third  avia-builder-el-30  el_before_av_one_third  avia-builder-el-first  first flex_column_div av-zero-column-padding  '     ><section  class='av_textblock_section av-k5fglpn8-30-a4542f293d767a9c64b5ac74e8267a82 '   itemscope=\"itemscope\" itemtype=\"https:\/\/schema.org\/CreativeWork\" ><div class='avia_textblock'  itemprop=\"text\" ><h2>Chemin Stockalper \/ Un trekking aventure guid\u00e9<\/h2>\n<h3>sur demande avec Rolf Gruber<\/h3>\n<p>Ce circuit d\u00e9couverte est sp\u00e9cialement con\u00e7u pour les personnes qui veulent et peuvent quitter leur environnement habituel en passant une semaine de vacances actives.<\/p>\n<p>D\u00e9couvrez la route historique Stockalper de Brigue \u00e0 Domodossola avec le c\u00e9l\u00e8bre guide de trekking Rolf Gruber. Sur les traces des muletiers de Stockalper, vous profiterez de 7 jours inoubliables de randonn\u00e9e plaisir du Valais au Pi\u00e9mont. 3 cols, 5 vall\u00e9es, 2 villes commerciales historiques, le long des glaciers des 4000 du Valais, \u00e0 travers les for\u00eats de ch\u00e2taigniers et les vignobles de la vall\u00e9e d&rsquo;Ossola et chaque jour de nouvelles surprises sur le sentier muletier. Des exp\u00e9riences uniques et inoubliables se r\u00e9alisent.<\/p>\n<\/div><\/section><br \/>\n<section  class='av_textblock_section av-k5fglpn8-11-e0d80d33fa985ec88bddcd7a5d6c59c0 '   itemscope=\"itemscope\" itemtype=\"https:\/\/schema.org\/CreativeWork\" ><div class='avia_textblock'  itemprop=\"text\" ><h3>1er jour : Arriv\u00e9e et visite de la ville.<\/h3>\n<p>La petite ville commerciale de Brigue est le point de d\u00e9part de la l\u00e9gendaire route Stockalper vers Domodossola. Sous Kaspar von Stockalper, cette route commerciale a acquis le rang de l&rsquo;une des liaisons transalpines les plus importantes et les plus s\u00fbres de son \u00e9poque. Avec le ch\u00e2teau de Stockalper, la petite ville offre un \u00e9difice impressionnant que vous devriez d\u00e9j\u00e0 visiter le jour de votre arriv\u00e9e. Avec le \u00ab\u00a0Petit Simplon-Express\u00a0\u00bb, vous traverserez les anciens et nouveaux quartiers de la petite ville du Simplon et d\u00e9couvrirez ainsi de nombreuses fa\u00e7ades, m\u00eame dans les ruelles \u00e9troites. Fl\u00e2nez \u00e0 votre guise dans le jardin historique de Stockalper et profitez-en pour visiter la merveille technique qu&rsquo;est le pont levant sur la Saltina. Gr\u00e2ce \u00e0 lui, une inondation catastrophique comme celle de 1993 ne devrait plus jamais se reproduire. Le soir, votre guide de randonn\u00e9e vous attend pour d\u00eener ensemble et discuter de la journ\u00e9e suivante.<\/p>\n<\/div><\/section><br \/>\n<section  class='av_textblock_section av-k5fglpn8-10-fc4a4f0496f69eaa0995d82098d2ec85 '   itemscope=\"itemscope\" itemtype=\"https:\/\/schema.org\/CreativeWork\" ><div class='avia_textblock'  itemprop=\"text\" ><h3>2e jour : Brigue &#8211; col du Simplon<\/h3>\n<p>Apr\u00e8s avoir laiss\u00e9 la petite ville derri\u00e8re nous, votre guide de randonn\u00e9e vous emm\u00e8ne \u00e0 travers les hameaux de Lingwurm et Brei au d\u00e9but de la mont\u00e9e \u00e0 travers la for\u00eat de pins du \u00ab\u00a0Brigerberg\u00a0\u00bb sur l&rsquo;ancien sentier muletier. Les gorges de la Saltina, rest\u00e9es inviol\u00e9es jusqu&rsquo;\u00e0 aujourd&rsquo;hui, sont impressionnantes et se trouvent \u00e0 droite du sentier muletier. De Schallberg, on descend vers le \u00ab\u00a0Grund\u00a0\u00bb, qui \u00e9tait autrefois une commune \u00e0 part enti\u00e8re. De la steppe s\u00e8che du Schallberg, le sentier muletier passe maintenant \u00e0 la for\u00eat humide de fr\u00eanes et d&rsquo;\u00e9pic\u00e9as \u00e0 travers la vall\u00e9e de la Taferna en direction du col du Simplon. Avant la derni\u00e8re mont\u00e9e, l&rsquo;ancienne auberge \u00ab\u00a0zer Taferna\u00a0\u00bb, entour\u00e9e de l\u00e9gendes, salue le randonneur avec ses vieux murs de pierre. Au sommet du col, l&rsquo;aigle du Simplon, embl\u00e8me de la r\u00e9gion, salue les randonneurs.<\/p>\n<\/div><\/section><br \/>\n<section  class='av_textblock_section av-k5fglpn8-9-8e15e15cdd9e0725f9c5e47793613fa5 '   itemscope=\"itemscope\" itemtype=\"https:\/\/schema.org\/CreativeWork\" ><div class='avia_textblock'  itemprop=\"text\" ><h3>3e jour : Col du Simplon &#8211; Simplon village<\/h3>\n<\/div><\/section><br \/>\n<section  class='av_textblock_section av-k5fglpn8-8-b571d67293f9922d4a041b3be8c3ec39 '   itemscope=\"itemscope\" itemtype=\"https:\/\/schema.org\/CreativeWork\" ><div class='avia_textblock'  itemprop=\"text\" ><p>Un parcours \u00e0 premi\u00e8re vue court, mais qui a beaucoup \u00e0 offrir. La randonn\u00e9e commence dans le paysage mar\u00e9cageux du plateau du col du Simplon, avec une profusion de fleurs et de plantes. L&rsquo;hospice, l'\u00a0\u00bbAlte Spittel\u00a0\u00bb et la maison Barall sont les constructions les plus marquantes sur la partie sup\u00e9rieure de l&rsquo;\u00e9tape du jour. Les sommets recouverts de glaciers offrent un panorama de haute montagne. Des traces cach\u00e9es le long du chemin et de petits hameaux racontent l&rsquo;histoire de la colonisation du col, vieille de plus de 5000 ans. \u00c0 partir d&rsquo;Engeloch, les for\u00eats de m\u00e9l\u00e8zes alternent avec les alpages et laissent deviner que l&rsquo;on se dirige vers le sud. Simplon Dorf, au pied d&rsquo;un paysage morainique de la fin de l&rsquo;\u00e8re glaciaire, salue avec son architecture particuli\u00e8re et invite \u00e0 faire une halte en tant que lieu d&rsquo;\u00e9tape. L&rsquo;\u00e9comus\u00e9e, une visite tr\u00e8s sp\u00e9ciale du village, ainsi que la boulangerie et la fromagerie d&rsquo;alpage invitent \u00e0 la visite. Faites valoir votre bon dans la fromagerie et la boulangerie.<\/p>\n<\/div><\/section><br \/>\n<section  class='av_textblock_section av-k5fglpn8-7-b8bf8da2544e9f7ca61854746278b384 '   itemscope=\"itemscope\" itemtype=\"https:\/\/schema.org\/CreativeWork\" ><div class='avia_textblock'  itemprop=\"text\" ><h3>4e jour : Simplon village &#8211; Gondo &#8211; Zwischbergen<\/h3>\n<p>La descente vers le hameau de Gabi se fait en partie sur l&rsquo;ancienne route napol\u00e9onienne. Apr\u00e8s avoir travers\u00e9 la Laggina, le sentier muletier m\u00e8ne \u00e0 l&rsquo;imposante gorge de Gondo. Devant l&rsquo;entr\u00e9e, l&rsquo;imposante maison Walser du \u00ab\u00a0Gschoru Erb\u00a0\u00bb vous salue. Dans l'\u00a0\u00bb\u00c4bi\u00a0\u00bb, les ruines d&rsquo;un b\u00e2timent t\u00e9moignent de la vie de Stockalper, qui a connu un brusque tournant avec la fuite. Avec la construction de la route du Simplon, les ing\u00e9nieurs civils de Napol\u00e9on ont \u00e9galement conquis les gorges de Gondo avec une route militaire. Nous trouvons des t\u00e9moins de cet exploit jusqu&rsquo;\u00e0 Gondo. Gondo, village de contrebandiers et de chercheurs d&rsquo;or, vous attend avec la tour Stockalper et l&rsquo;\u00e9glise Saint-Marc datant du 15e si\u00e8cle. La destination de l&rsquo;\u00e9tape se trouve cependant dans la pittoresque vall\u00e9e du Zwischberg.<\/p>\n<\/div><\/section><br \/>\n<section  class='av_textblock_section av-k5fglpn8-6-48618a3f6940031694b7c0127f88162f '   itemscope=\"itemscope\" itemtype=\"https:\/\/schema.org\/CreativeWork\" ><div class='avia_textblock'  itemprop=\"text\" ><h3>5e jour: Zwischbergen \u2013 Passo-Monscera \u2013 Gomba<\/h3>\n<p>Zwischbergental, la vall\u00e9e des cols des contrebandiers. L&rsquo;ancien sentier des contrebandiers m\u00e8ne du bord \u00e0 l&rsquo;alpage Herd o\u00f9 le fromage d&rsquo;alpage Waira est encore fabriqu\u00e9 de mani\u00e8re traditionnelle au feu de bois. Le sentier des contrebandiers monte r\u00e9guli\u00e8rement par les alpages de Cagrande et Possetta jusqu&rsquo;au col de Monscera, le point culminant de la semaine. Au lieu d&rsquo;un pique-nique, nous nous laissons g\u00e2ter par l&rsquo;hospitalit\u00e9 pi\u00e9montaise et les d\u00e9lices correspondants au Riffugio Gattascosa. La descente vers Gomba nous fait passer devant le lac Ragozza jusqu&rsquo;aux premiers ch\u00e2taigniers de Gomba, destination de l&rsquo;\u00e9tape.<\/p>\n<\/div><\/section><br \/>\n<section  class='av_textblock_section av-k5fglpn8-5-918c5b90436ba2872078d4ea9013b3a7 '   itemscope=\"itemscope\" itemtype=\"https:\/\/schema.org\/CreativeWork\" ><div class='avia_textblock'  itemprop=\"text\" ><h3>6e jour: Gomba \u2013 Domodossola<\/h3>\n<p>Le dernier jour de randonn\u00e9e vous attend encore une fois avec de nombreux moments surprenants. Nous descendons de Gomba sur la mulati\u00e8re (chemin muletier) vieille de plus de 1000 ans, en passant par les petits villages de contrebandiers, jusqu&rsquo;\u00e0 l&rsquo;ancienne station thermale mondaine de Bognanco Terme. Une visite de la documentation des thermes laisse deviner que le beau monde de Milan s&rsquo;y pressait. La Mulatiere se poursuit \u00e0 travers des for\u00eats, des fermes et des hameaux abandonn\u00e9s, des gorges, le long de maisons entretenues avec beaucoup d&rsquo;id\u00e9alisme, jusqu&rsquo;au petit village de Monteossolano et \u00e0 Cisore, au-dessus de Domodossola. Les ch\u00eanes et les ch\u00e2taigniers font maintenant place aux vignes, aux arbres fruitiers et aux figuiers. Domodossola, petite ville alpine au charme m\u00e9ridional, vous accueille avec ses vieilles maisons, ses ruelles et ses places habilement am\u00e9nag\u00e9es pour que vous puissiez vous y attarder. Un bon d\u00eener et de belles chambres d&rsquo;h\u00f4tel vous attendent. Mais attendez, fl\u00e2ner le soir dans la vieille ville et boire un cappuccino sur la piazza, cela fait tout simplement partie du programme.<\/p>\n<\/div><\/section><br \/>\n<section  class='av_textblock_section av-k5fglpn8-4-61e14795d87848adca041592b4d9a351 '   itemscope=\"itemscope\" itemtype=\"https:\/\/schema.org\/CreativeWork\" ><div class='avia_textblock'  itemprop=\"text\" ><h3>7e jour : il faut se dire au revoir<\/h3>\n<p>Grasse matin\u00e9e, petit d\u00e9jeuner tranquille et ? Samedi, c&rsquo;est le jour du march\u00e9 dans la vieille ville. V\u00eatements, babioles et bien d&rsquo;autres choses sont \u00e0 vendre. Les stands des femmes rurales, des bouchers, des fromagers, des apiculteurs et des artisans sont un peu cach\u00e9s. C&rsquo;est ici que l&rsquo;on trouve les vraies sp\u00e9cialit\u00e9s, faites maison. Le \u00ab\u00a0Sacro Monte Calvario\u00a0\u00bb, inscrit au patrimoine mondial de l&rsquo;UNESCO, invite les amateurs de culture \u00e0 une visite matinale, l\u00e0 o\u00f9 Stockalper s&rsquo;\u00e9tait d\u00e9j\u00e0 exil\u00e9 pendant des ann\u00e9es. Une vue panoramique magnifique sur la plaine et la ville de la vall\u00e9e d&rsquo;Ossola compense la courte mont\u00e9e.<\/p>\n<p><strong>Voyage de retour:<\/strong> l&rsquo;h\u00f4tel se trouve \u00e0 2 minutes de la gare. Les trains directs pour Gen\u00e8ve, Berne, B\u00e2le, Zurich et Saint-Gall garantissent un voyage de retour sans stress. Vous serez chez vous au plus tard le samedi soir. Le dimanche est r\u00e9serv\u00e9 pour vous et le lundi, la vie quotidienne reprend son cours, non sans une pens\u00e9e secr\u00e8te pour la magnifique semaine pass\u00e9e, ponctu\u00e9e de moments inoubliables.<\/p>\n<\/div><\/section><\/p><\/div>\n<style type=\"text\/css\" data-created_by=\"avia_inline_auto\" id=\"style-css-av-k5fjcl9k-29-c3a69949707f60790ab9c6c8f2f3524a\">\n@keyframes av_boxShadowEffect_av-k5fjcl9k-29-c3a69949707f60790ab9c6c8f2f3524a-column {\n0%   { box-shadow:  0 0 0 0 #000000; opacity: 1; }\n100% { box-shadow:  0 0 5px 0 #000000; opacity: 1; }\n}\n.flex_column.av-k5fjcl9k-29-c3a69949707f60790ab9c6c8f2f3524a{\nbox-shadow: 0 0 5px 0 #000000;\nborder-radius:0px 0px 0px 0px;\npadding:15px 15px 15px 15px;\n}\n<\/style>\n<div  class='flex_column av-k5fjcl9k-29-c3a69949707f60790ab9c6c8f2f3524a av_one_third  avia-builder-el-40  el_after_av_two_third  el_before_av_one_fifth  flex_column_div shadow-not-animated av-hide-on-mobile  '     ><section  class='av_textblock_section av-k6j76phl-28-79193343a4f03b9b7b0546a2a14433fd '   itemscope=\"itemscope\" itemtype=\"https:\/\/schema.org\/CreativeWork\" ><div class='avia_textblock'  itemprop=\"text\" ><h3>Rolf Gruber<\/h3>\n<\/div><\/section><br \/>\n\n<style type=\"text\/css\" data-created_by=\"avia_inline_auto\" id=\"style-css-av-k6j5xwsb-27-e031f20e72028dccf1c9b5d327741a20\">\n.avia-image-container.av-k6j5xwsb-27-e031f20e72028dccf1c9b5d327741a20 img.avia_image{\nbox-shadow:none;\n}\n.avia-image-container.av-k6j5xwsb-27-e031f20e72028dccf1c9b5d327741a20 .av-image-caption-overlay-center{\ncolor:#ffffff;\n}\n<\/style>\n<div  class='avia-image-container av-k6j5xwsb-27-e031f20e72028dccf1c9b5d327741a20 av-styling- avia-align-center  avia-builder-el-42  el_after_av_textblock  el_before_av_icon_box '   itemprop=\"image\" itemscope=\"itemscope\" itemtype=\"https:\/\/schema.org\/ImageObject\" ><div class=\"avia-image-container-inner\"><div class=\"avia-image-overlay-wrap\"><img decoding=\"async\" fetchpriority=\"high\" class='wp-image-899 avia-img-lazy-loading-not-899 avia_image ' src=\"https:\/\/www.stockalperweg.ch\/wp-content\/uploads\/2020\/02\/rolf-gruber.jpg\" alt='Wanderleiter Rolf Gruber' title='rolf-gruber'  height=\"848\" width=\"708\"  itemprop=\"thumbnailUrl\" srcset=\"https:\/\/www.stockalperweg.ch\/wp-content\/uploads\/2020\/02\/rolf-gruber.jpg 708w, https:\/\/www.stockalperweg.ch\/wp-content\/uploads\/2020\/02\/rolf-gruber-600x719.jpg 600w, https:\/\/www.stockalperweg.ch\/wp-content\/uploads\/2020\/02\/rolf-gruber-250x300.jpg 250w, https:\/\/www.stockalperweg.ch\/wp-content\/uploads\/2020\/02\/rolf-gruber-589x705.jpg 589w\" sizes=\"(max-width: 708px) 100vw, 708px\" \/><\/div><\/div><\/div><br \/>\n<article  class='iconbox iconbox_left av-k5fj8kx5-26-69d8e0797107302ee567c0c5076bb63d  avia-builder-el-43  el_after_av_image  el_before_av_iconlist '  itemscope=\"itemscope\" itemtype=\"https:\/\/schema.org\/CreativeWork\" ><div class=\"iconbox_content\"><header class=\"entry-content-header\" aria-label=\"Ic\u00f4ne : \u00e0 partir de CHF 1\u2019220.-\"><div class='iconbox_icon heading-color avia-iconfont avia-font-entypo-fontello' data-av_icon='\ue827' data-av_iconfont='entypo-fontello'  ><\/div><h3 class='iconbox_content_title '  itemprop=\"headline\" >\u00e0 partir de CHF 1\u2019220.-<\/h3><\/header><div class='iconbox_content_container '  itemprop=\"text\" ><p>par personne en chambre double<\/p>\n<\/div><\/div><footer class=\"entry-footer\"><\/footer><\/article><br \/>\n<div  class='avia-icon-list-container av-k5fgvyxj-25-b9442afa4c2303f8312287ccc760f4ef  avia-builder-el-44  el_after_av_icon_box  el_before_av_button '><ul class='avia-icon-list avia_animate_when_almost_visible avia-icon-list-left av-iconlist-small av-k5fgvyxj-25-b9442afa4c2303f8312287ccc760f4ef avia-iconlist-animate'>\n<li><div class='iconlist_icon av-hsd3c-d3507773859b4504bf2b8a3df2846b1a avia-font-entypo-fontello avia-iconfont avia-font-entypo-fontello'><span class='av-icon-char' data-av_icon='\ue836' data-av_iconfont='entypo-fontello' aria-hidden=\"true\"><\/span><\/div><article class=\"article-icon-entry av-iconlist-empty\"  itemscope=\"itemscope\" itemtype=\"https:\/\/schema.org\/CreativeWork\" ><div class=\"iconlist_content_wrap\"><header class=\"entry-content-header\" aria-label=\"Ic\u00f4ne : juin \u00e0 octobre sur demande\"><div class='av_iconlist_title iconlist_title_small  '  itemprop=\"headline\" >juin \u00e0 octobre sur demande<\/div><\/header><div class='iconlist_content '  itemprop=\"text\" ><\/div><\/div><footer class=\"entry-footer\"><\/footer><\/article><div class=\"iconlist-timeline\"><\/div><\/li>\n<\/ul><\/div><br \/>\n<div  class='avia-button-wrap av-k5fgs1k1-24-bdc3039187361a036d56195b05e4ae19-wrap avia-button-center  avia-builder-el-45  el_after_av_iconlist  avia-builder-el-last '><a href='https:\/\/www.stockalperweg.ch\/fr\/offres\/demander\/'  class='avia-button av-k5fgs1k1-24-bdc3039187361a036d56195b05e4ae19 av-link-btn avia-icon_select-yes-left-icon avia-size-small avia-position-center avia-color-theme-color'   aria-label=\"demander une offre personnelle\"><span class='avia_button_icon avia_button_icon_left avia-iconfont avia-font-entypo-fontello' data-av_icon='\ue812' data-av_iconfont='entypo-fontello' ><\/span><span class='avia_iconbox_title' >demander une offre personnelle<\/span><\/a><\/div><\/p><\/div>\n<style type=\"text\/css\" data-created_by=\"avia_inline_auto\" id=\"style-css-av-1t1f0e-23-d4004de5e99d28b85793264f900a9187\">\n.flex_column.av-1t1f0e-23-d4004de5e99d28b85793264f900a9187{\nborder-radius:0px 0px 0px 0px;\npadding:0px 0px 0px 0px;\n}\n<\/style>\n<div  class='flex_column av-1t1f0e-23-d4004de5e99d28b85793264f900a9187 av_one_fifth  avia-builder-el-46  el_after_av_one_third  el_before_av_one_fifth  first flex_column_div av-zero-column-padding  column-top-margin'     ><style type=\"text\/css\" data-created_by=\"avia_inline_auto\" id=\"style-css-av-k6alqzns-16-42060e8f75130fc65973d8cb9b5c0a63\">\n.av_font_icon.av-k6alqzns-16-42060e8f75130fc65973d8cb9b5c0a63 .av-icon-char{\nfont-size:40px;\nline-height:40px;\nwidth:40px;\n}\n<\/style>\n<span  class='av_font_icon av-k6alqzns-16-42060e8f75130fc65973d8cb9b5c0a63 avia_animate_when_visible av-icon-style-border avia-icon-pos-center avia-iconfont avia-font-entypo-fontello av-no-color avia-icon-animate'><span class='av-icon-char' data-av_icon='\ue80b' data-av_iconfont='entypo-fontello' aria-hidden=\"true\" ><\/span><span class='av_icon_caption av-special-font'>7 jours de visite guid\u00e9e par des experts<\/span><\/span><\/div>\n<style type=\"text\/css\" data-created_by=\"avia_inline_auto\" id=\"style-css-av-1nb4ba-21-27c848732b6078987d705165c3634853\">\n.flex_column.av-1nb4ba-21-27c848732b6078987d705165c3634853{\nborder-radius:0px 0px 0px 0px;\npadding:0px 0px 0px 0px;\n}\n<\/style>\n<div  class='flex_column av-1nb4ba-21-27c848732b6078987d705165c3634853 av_one_fifth  avia-builder-el-48  el_after_av_one_fifth  el_before_av_one_fifth  flex_column_div av-zero-column-padding  column-top-margin'     ><style type=\"text\/css\" data-created_by=\"avia_inline_auto\" id=\"style-css-av-k6alqzns-3-891e92ea0f6fcf3f5f8600f74f86271f\">\n.av_font_icon.av-k6alqzns-3-891e92ea0f6fcf3f5f8600f74f86271f .av-icon-char{\nfont-size:40px;\nline-height:40px;\nwidth:40px;\n}\n<\/style>\n<span  class='av_font_icon av-k6alqzns-3-891e92ea0f6fcf3f5f8600f74f86271f avia_animate_when_visible av-icon-style-border avia-icon-pos-center avia-iconfont avia-font-entypo-fontello av-no-color avia-icon-animate'><span class='av-icon-char' data-av_icon='\ue821' data-av_iconfont='entypo-fontello' aria-hidden=\"true\" ><\/span><span class='av_icon_caption av-special-font'>6 nuits en h\u00f4tels<\/span><\/span><\/div>\n<style type=\"text\/css\" data-created_by=\"avia_inline_auto\" id=\"style-css-av-1gsmye-19-2a4a355f8dd3392f8fdd5a74a5e27c9e\">\n.flex_column.av-1gsmye-19-2a4a355f8dd3392f8fdd5a74a5e27c9e{\nborder-radius:0px 0px 0px 0px;\npadding:0px 0px 0px 0px;\n}\n<\/style>\n<div  class='flex_column av-1gsmye-19-2a4a355f8dd3392f8fdd5a74a5e27c9e av_one_fifth  avia-builder-el-50  el_after_av_one_fifth  el_before_av_one_fifth  flex_column_div av-zero-column-padding  column-top-margin'     ><style type=\"text\/css\" data-created_by=\"avia_inline_auto\" id=\"style-css-av-k6alqzns-2-b61d68ff509e6d5ef2e41bd1aa6167ae\">\n.av_font_icon.av-k6alqzns-2-b61d68ff509e6d5ef2e41bd1aa6167ae .av-icon-char{\nfont-size:40px;\nline-height:40px;\nwidth:40px;\n}\n<\/style>\n<span  class='av_font_icon av-k6alqzns-2-b61d68ff509e6d5ef2e41bd1aa6167ae avia_animate_when_visible av-icon-style-border avia-icon-pos-center avia-iconfont avia-font-fontello av-no-color avia-icon-animate'><span class='av-icon-char' data-av_icon='\uf0f5' data-av_iconfont='fontello' aria-hidden=\"true\" ><\/span><span class='av_icon_caption av-special-font'>demi-pension<\/span><\/span><\/div>\n<style type=\"text\/css\" data-created_by=\"avia_inline_auto\" id=\"style-css-av-188f9y-17-93c07b8bc242ef413b3cfdde0fc6e193\">\n.flex_column.av-188f9y-17-93c07b8bc242ef413b3cfdde0fc6e193{\nborder-radius:0px 0px 0px 0px;\npadding:0px 0px 0px 0px;\n}\n<\/style>\n<div  class='flex_column av-188f9y-17-93c07b8bc242ef413b3cfdde0fc6e193 av_one_fifth  avia-builder-el-52  el_after_av_one_fifth  el_before_av_one_fifth  flex_column_div av-zero-column-padding  column-top-margin'     ><style type=\"text\/css\" data-created_by=\"avia_inline_auto\" id=\"style-css-av-k6alqzns-1-3c404c889e4ed647834e08d0043104a4\">\n.av_font_icon.av-k6alqzns-1-3c404c889e4ed647834e08d0043104a4 .av-icon-char{\nfont-size:40px;\nline-height:40px;\nwidth:40px;\n}\n<\/style>\n<span  class='av_font_icon av-k6alqzns-1-3c404c889e4ed647834e08d0043104a4 avia_animate_when_visible av-icon-style-border avia-icon-pos-center avia-iconfont avia-font-entypo-fontello av-no-color avia-icon-animate'><span class='av-icon-char' data-av_icon='\ue8bc' data-av_iconfont='entypo-fontello' aria-hidden=\"true\" ><\/span><span class='av_icon_caption av-special-font'>Transport des bagages <\/span><\/span><\/div>\n<style type=\"text\/css\" data-created_by=\"avia_inline_auto\" id=\"style-css-av-11b0vq-15-dc140d090f033b3eb151d353c153ffb8\">\n.flex_column.av-11b0vq-15-dc140d090f033b3eb151d353c153ffb8{\nborder-radius:0px 0px 0px 0px;\npadding:0px 0px 0px 0px;\n}\n<\/style>\n<div  class='flex_column av-11b0vq-15-dc140d090f033b3eb151d353c153ffb8 av_one_fifth  avia-builder-el-54  el_after_av_one_fifth  avia-builder-el-last  flex_column_div av-zero-column-padding  column-top-margin'     ><article  class='iconbox iconbox_left av-k6alnrg1-14-4466a377a05764b5bc183eb5b7257bbb  avia-builder-el-55  avia-builder-el-no-sibling '  itemscope=\"itemscope\" itemtype=\"https:\/\/schema.org\/CreativeWork\" ><div class=\"iconbox_content\"><header class=\"entry-content-header\" aria-label=\"Ic\u00f4ne : Nous vous conseillons volontiers\"><div class='iconbox_icon heading-color avia-iconfont avia-font-entypo-fontello' data-av_icon='' data-av_iconfont='entypo-fontello'  ><\/div><h3 class='iconbox_content_title '  itemprop=\"headline\" >Nous vous conseillons volontiers<\/h3><\/header><div class='iconbox_content_container '  itemprop=\"text\" ><p><a href=\"tel:+41 27 921 60 30\">+41 27 921 60 30<\/a><\/p>\n<p><a href=\"&#x6d;&#97;i&#x6c;&#x74;&#111;:&#x69;&#x6e;&#102;o&#x40;&#x73;&#116;o&#x63;&#x6b;&#97;l&#x70;&#101;&#114;w&#x65;&#103;&#46;&#x63;&#x68;\">&#x69;n&#x66;&#111;&#64;&#x73;&#116;&#x6f;&#x63;k&#x61;&#108;p&#x65;&#114;&#x77;&#101;g&#x2e;&#99;h<\/a><\/p>\n<div  class='avia-button-wrap av-wnqi6-13-d14d271fbda14185ac224edab3b7780f-wrap avia-button-left  avia-builder-el-56  avia-builder-el-no-sibling '><a href='https:\/\/www.stockalperweg.ch\/fr\/offres\/demander\/'  class='avia-button av-wnqi6-13-d14d271fbda14185ac224edab3b7780f av-link-btn avia-icon_select-yes-left-icon avia-size-small avia-position-left avia-color-theme-color'   aria-label=\"Formulaire de demande\"><span class='avia_button_icon avia_button_icon_left avia-iconfont avia-font-entypo-fontello' data-av_icon='\ue837' data-av_iconfont='entypo-fontello' ><\/span><span class='avia_iconbox_title' >Formulaire de demande<\/span><\/a><\/div>\n<\/div><\/div><footer class=\"entry-footer\"><\/footer><\/article><\/div>\n\n<\/div><\/div><\/div><!-- close content main div --><\/div><\/div><div id='full_slider_3'  class='avia-fullwidth-slider main_color avia-shadow   avia-builder-el-57  el_after_av_section  avia-builder-el-last   slider-not-first container_wrap fullsize'  ><div  class='avia-slideshow av-k6j7bbhd-12-3aadc1522dc9f59446af4009d172022d avia-slideshow-featured_large av_slideshow_full avia-fade-slider av-slideshow-ui av-control-default av-slideshow-manual av-loop-once av-loop-manual-endless av-default-height-applied   avia-slideshow-3' data-slideshow-options=\"{&quot;animation&quot;:&quot;fade&quot;,&quot;autoplay&quot;:false,&quot;loop_autoplay&quot;:&quot;once&quot;,&quot;interval&quot;:5,&quot;loop_manual&quot;:&quot;manual-endless&quot;,&quot;autoplay_stopper&quot;:false,&quot;noNavigation&quot;:false,&quot;bg_slider&quot;:false,&quot;keep_padding&quot;:false,&quot;hoverpause&quot;:false,&quot;show_slide_delay&quot;:0}\"  itemprop=\"image\" itemscope=\"itemscope\" itemtype=\"https:\/\/schema.org\/ImageObject\" ><ul class='avia-slideshow-inner ' style='padding-bottom: 58.495821727019%;'><li  class='avia-slideshow-slide av-k6j7bbhd-12-3aadc1522dc9f59446af4009d172022d__0  av-single-slide slide-1 slide-odd'><div data-rel='slideshow-3' class='avia-slide-wrap '   ><img decoding=\"async\" fetchpriority=\"high\" class=\"wp-image-715 avia-img-lazy-loading-not-715\"  src=\"https:\/\/www.stockalperweg.ch\/wp-content\/uploads\/2020\/02\/Simplon-Adler-im-Herbst-1077x630.jpg\" width=\"1077\" height=\"630\" title='Simplon Adler im Herbst' alt='Simplon Adler im Herbst auf dem Simplonpass'  itemprop=\"thumbnailUrl\"   \/><\/div><\/li><\/ul><\/div><\/div>\n","protected":false},"excerpt":{"rendered":"<p>D\u00e9couvrez, lors de la randonn\u00e9e culturelle le long du Stockalpertrail, des choses que vous n&rsquo;auriez jamais d\u00e9couvertes sans un guide comp\u00e9tent. Les guides de randonn\u00e9e vous transmettent leurs connaissances et connaissent les points forts culinaires, paysagers et historiques de la randonn\u00e9e Stockalper.<\/p>\n<p>Chaque randonn\u00e9e guid\u00e9e est unique. Les guides de randonn\u00e9e mettent l&rsquo;accent sur diff\u00e9rents points.<\/p>\n","protected":false},"author":7,"featured_media":874,"parent":1712,"menu_order":0,"comment_status":"closed","ping_status":"closed","template":"","meta":{"footnotes":""},"class_list":["post-1798","page","type-page","status-publish","has-post-thumbnail","hentry"],"yoast_head":"<!-- This site is optimized with the Yoast SEO plugin v27.5 - https:\/\/yoast.com\/product\/yoast-seo-wordpress\/ -->\n<title>Randonn\u00e9es guid\u00e9es - Stockalperweg<\/title>\n<meta name=\"robots\" content=\"index, follow, max-snippet:-1, max-image-preview:large, max-video-preview:-1\" \/>\n<link rel=\"canonical\" href=\"https:\/\/www.stockalperweg.ch\/fr\/offres\/randonnees-guidees\/\" \/>\n<meta property=\"og:locale\" content=\"fr_FR\" \/>\n<meta property=\"og:type\" content=\"article\" \/>\n<meta property=\"og:title\" content=\"Randonn\u00e9es guid\u00e9es - Stockalperweg\" \/>\n<meta property=\"og:description\" content=\"D\u00e9couvrez, lors de la randonn\u00e9e culturelle le long du Stockalpertrail, des choses que vous n&#039;auriez jamais d\u00e9couvertes sans un guide comp\u00e9tent. Les guides de randonn\u00e9e vous transmettent leurs connaissances et connaissent les points forts culinaires, paysagers et historiques de la randonn\u00e9e Stockalper.  Chaque randonn\u00e9e guid\u00e9e est unique. Les guides de randonn\u00e9e mettent l&#039;accent sur diff\u00e9rents points.\" \/>\n<meta property=\"og:url\" content=\"https:\/\/www.stockalperweg.ch\/fr\/offres\/randonnees-guidees\/\" \/>\n<meta property=\"og:site_name\" content=\"Stockalperweg\" \/>\n<meta property=\"article:publisher\" content=\"https:\/\/www.facebook.com\/ViaStockalper\" \/>\n<meta property=\"article:modified_time\" content=\"2024-12-20T07:14:10+00:00\" \/>\n<meta property=\"og:image\" content=\"https:\/\/www.stockalperweg.ch\/wp-content\/uploads\/2020\/02\/Gef\u00fchrte-Wanderung-Stockalperweg.jpg\" \/>\n\t<meta property=\"og:image:width\" content=\"1499\" \/>\n\t<meta property=\"og:image:height\" content=\"1071\" \/>\n\t<meta property=\"og:image:type\" content=\"image\/jpeg\" \/>\n<meta name=\"twitter:card\" content=\"summary_large_image\" \/>\n<meta name=\"twitter:label1\" content=\"Dur\u00e9e de lecture estim\u00e9e\" \/>\n\t<meta name=\"twitter:data1\" content=\"15 minutes\" \/>\n<script type=\"application\/ld+json\" class=\"yoast-schema-graph\">{\"@context\":\"https:\\\/\\\/schema.org\",\"@graph\":[{\"@type\":\"WebPage\",\"@id\":\"https:\\\/\\\/www.stockalperweg.ch\\\/fr\\\/offres\\\/randonnees-guidees\\\/\",\"url\":\"https:\\\/\\\/www.stockalperweg.ch\\\/fr\\\/offres\\\/randonnees-guidees\\\/\",\"name\":\"Randonn\u00e9es guid\u00e9es - Stockalperweg\",\"isPartOf\":{\"@id\":\"https:\\\/\\\/www.stockalperweg.ch\\\/fr\\\/#website\"},\"primaryImageOfPage\":{\"@id\":\"https:\\\/\\\/www.stockalperweg.ch\\\/fr\\\/offres\\\/randonnees-guidees\\\/#primaryimage\"},\"image\":{\"@id\":\"https:\\\/\\\/www.stockalperweg.ch\\\/fr\\\/offres\\\/randonnees-guidees\\\/#primaryimage\"},\"thumbnailUrl\":\"https:\\\/\\\/www.stockalperweg.ch\\\/wp-content\\\/uploads\\\/2020\\\/02\\\/Gef\u00fchrte-Wanderung-Stockalperweg.jpg\",\"datePublished\":\"2020-08-07T08:19:10+00:00\",\"dateModified\":\"2024-12-20T07:14:10+00:00\",\"breadcrumb\":{\"@id\":\"https:\\\/\\\/www.stockalperweg.ch\\\/fr\\\/offres\\\/randonnees-guidees\\\/#breadcrumb\"},\"inLanguage\":\"fr-FR\",\"potentialAction\":[{\"@type\":\"ReadAction\",\"target\":[\"https:\\\/\\\/www.stockalperweg.ch\\\/fr\\\/offres\\\/randonnees-guidees\\\/\"]}]},{\"@type\":\"ImageObject\",\"inLanguage\":\"fr-FR\",\"@id\":\"https:\\\/\\\/www.stockalperweg.ch\\\/fr\\\/offres\\\/randonnees-guidees\\\/#primaryimage\",\"url\":\"https:\\\/\\\/www.stockalperweg.ch\\\/wp-content\\\/uploads\\\/2020\\\/02\\\/Gef\u00fchrte-Wanderung-Stockalperweg.jpg\",\"contentUrl\":\"https:\\\/\\\/www.stockalperweg.ch\\\/wp-content\\\/uploads\\\/2020\\\/02\\\/Gef\u00fchrte-Wanderung-Stockalperweg.jpg\",\"width\":1499,\"height\":1071,\"caption\":\"Gef\u00fchrte Wanderung Stockalperweg\"},{\"@type\":\"BreadcrumbList\",\"@id\":\"https:\\\/\\\/www.stockalperweg.ch\\\/fr\\\/offres\\\/randonnees-guidees\\\/#breadcrumb\",\"itemListElement\":[{\"@type\":\"ListItem\",\"position\":1,\"name\":\"Startseite\",\"item\":\"https:\\\/\\\/www.stockalperweg.ch\\\/fr\\\/\"},{\"@type\":\"ListItem\",\"position\":2,\"name\":\"Offres\",\"item\":\"https:\\\/\\\/www.stockalperweg.ch\\\/fr\\\/angebote\\\/\"},{\"@type\":\"ListItem\",\"position\":3,\"name\":\"Randonn\u00e9es guid\u00e9es\"}]},{\"@type\":\"WebSite\",\"@id\":\"https:\\\/\\\/www.stockalperweg.ch\\\/fr\\\/#website\",\"url\":\"https:\\\/\\\/www.stockalperweg.ch\\\/fr\\\/\",\"name\":\"Stockalperweg\",\"description\":\"Der historische Wanderweg die ViaStockalper oder auch Stockalperweg f\u00fchrt von Brig nach Domodossola\",\"publisher\":{\"@id\":\"https:\\\/\\\/www.stockalperweg.ch\\\/fr\\\/#organization\"},\"potentialAction\":[{\"@type\":\"SearchAction\",\"target\":{\"@type\":\"EntryPoint\",\"urlTemplate\":\"https:\\\/\\\/www.stockalperweg.ch\\\/fr\\\/?s={search_term_string}\"},\"query-input\":{\"@type\":\"PropertyValueSpecification\",\"valueRequired\":true,\"valueName\":\"search_term_string\"}}],\"inLanguage\":\"fr-FR\"},{\"@type\":\"Organization\",\"@id\":\"https:\\\/\\\/www.stockalperweg.ch\\\/fr\\\/#organization\",\"name\":\"Stockalperweg\",\"url\":\"https:\\\/\\\/www.stockalperweg.ch\\\/fr\\\/\",\"logo\":{\"@type\":\"ImageObject\",\"inLanguage\":\"fr-FR\",\"@id\":\"https:\\\/\\\/www.stockalperweg.ch\\\/fr\\\/#\\\/schema\\\/logo\\\/image\\\/\",\"url\":\"https:\\\/\\\/www.stockalperweg.ch\\\/wp-content\\\/uploads\\\/2020\\\/01\\\/logo-2.png\",\"contentUrl\":\"https:\\\/\\\/www.stockalperweg.ch\\\/wp-content\\\/uploads\\\/2020\\\/01\\\/logo-2.png\",\"width\":400,\"height\":204,\"caption\":\"Stockalperweg\"},\"image\":{\"@id\":\"https:\\\/\\\/www.stockalperweg.ch\\\/fr\\\/#\\\/schema\\\/logo\\\/image\\\/\"},\"sameAs\":[\"https:\\\/\\\/www.facebook.com\\\/ViaStockalper\",\"https:\\\/\\\/de.wikipedia.org\\\/wiki\\\/Via_Stockalper\"]}]}<\/script>\n<!-- \/ Yoast SEO plugin. -->","yoast_head_json":{"title":"Randonn\u00e9es guid\u00e9es - Stockalperweg","robots":{"index":"index","follow":"follow","max-snippet":"max-snippet:-1","max-image-preview":"max-image-preview:large","max-video-preview":"max-video-preview:-1"},"canonical":"https:\/\/www.stockalperweg.ch\/fr\/offres\/randonnees-guidees\/","og_locale":"fr_FR","og_type":"article","og_title":"Randonn\u00e9es guid\u00e9es - Stockalperweg","og_description":"D\u00e9couvrez, lors de la randonn\u00e9e culturelle le long du Stockalpertrail, des choses que vous n'auriez jamais d\u00e9couvertes sans un guide comp\u00e9tent. Les guides de randonn\u00e9e vous transmettent leurs connaissances et connaissent les points forts culinaires, paysagers et historiques de la randonn\u00e9e Stockalper.  Chaque randonn\u00e9e guid\u00e9e est unique. Les guides de randonn\u00e9e mettent l'accent sur diff\u00e9rents points.","og_url":"https:\/\/www.stockalperweg.ch\/fr\/offres\/randonnees-guidees\/","og_site_name":"Stockalperweg","article_publisher":"https:\/\/www.facebook.com\/ViaStockalper","article_modified_time":"2024-12-20T07:14:10+00:00","og_image":[{"width":1499,"height":1071,"url":"https:\/\/www.stockalperweg.ch\/wp-content\/uploads\/2020\/02\/Gef\u00fchrte-Wanderung-Stockalperweg.jpg","type":"image\/jpeg"}],"twitter_card":"summary_large_image","twitter_misc":{"Dur\u00e9e de lecture estim\u00e9e":"15 minutes"},"schema":{"@context":"https:\/\/schema.org","@graph":[{"@type":"WebPage","@id":"https:\/\/www.stockalperweg.ch\/fr\/offres\/randonnees-guidees\/","url":"https:\/\/www.stockalperweg.ch\/fr\/offres\/randonnees-guidees\/","name":"Randonn\u00e9es guid\u00e9es - Stockalperweg","isPartOf":{"@id":"https:\/\/www.stockalperweg.ch\/fr\/#website"},"primaryImageOfPage":{"@id":"https:\/\/www.stockalperweg.ch\/fr\/offres\/randonnees-guidees\/#primaryimage"},"image":{"@id":"https:\/\/www.stockalperweg.ch\/fr\/offres\/randonnees-guidees\/#primaryimage"},"thumbnailUrl":"https:\/\/www.stockalperweg.ch\/wp-content\/uploads\/2020\/02\/Gef\u00fchrte-Wanderung-Stockalperweg.jpg","datePublished":"2020-08-07T08:19:10+00:00","dateModified":"2024-12-20T07:14:10+00:00","breadcrumb":{"@id":"https:\/\/www.stockalperweg.ch\/fr\/offres\/randonnees-guidees\/#breadcrumb"},"inLanguage":"fr-FR","potentialAction":[{"@type":"ReadAction","target":["https:\/\/www.stockalperweg.ch\/fr\/offres\/randonnees-guidees\/"]}]},{"@type":"ImageObject","inLanguage":"fr-FR","@id":"https:\/\/www.stockalperweg.ch\/fr\/offres\/randonnees-guidees\/#primaryimage","url":"https:\/\/www.stockalperweg.ch\/wp-content\/uploads\/2020\/02\/Gef\u00fchrte-Wanderung-Stockalperweg.jpg","contentUrl":"https:\/\/www.stockalperweg.ch\/wp-content\/uploads\/2020\/02\/Gef\u00fchrte-Wanderung-Stockalperweg.jpg","width":1499,"height":1071,"caption":"Gef\u00fchrte Wanderung Stockalperweg"},{"@type":"BreadcrumbList","@id":"https:\/\/www.stockalperweg.ch\/fr\/offres\/randonnees-guidees\/#breadcrumb","itemListElement":[{"@type":"ListItem","position":1,"name":"Startseite","item":"https:\/\/www.stockalperweg.ch\/fr\/"},{"@type":"ListItem","position":2,"name":"Offres","item":"https:\/\/www.stockalperweg.ch\/fr\/angebote\/"},{"@type":"ListItem","position":3,"name":"Randonn\u00e9es guid\u00e9es"}]},{"@type":"WebSite","@id":"https:\/\/www.stockalperweg.ch\/fr\/#website","url":"https:\/\/www.stockalperweg.ch\/fr\/","name":"Stockalperweg","description":"Der historische Wanderweg die ViaStockalper oder auch Stockalperweg f\u00fchrt von Brig nach Domodossola","publisher":{"@id":"https:\/\/www.stockalperweg.ch\/fr\/#organization"},"potentialAction":[{"@type":"SearchAction","target":{"@type":"EntryPoint","urlTemplate":"https:\/\/www.stockalperweg.ch\/fr\/?s={search_term_string}"},"query-input":{"@type":"PropertyValueSpecification","valueRequired":true,"valueName":"search_term_string"}}],"inLanguage":"fr-FR"},{"@type":"Organization","@id":"https:\/\/www.stockalperweg.ch\/fr\/#organization","name":"Stockalperweg","url":"https:\/\/www.stockalperweg.ch\/fr\/","logo":{"@type":"ImageObject","inLanguage":"fr-FR","@id":"https:\/\/www.stockalperweg.ch\/fr\/#\/schema\/logo\/image\/","url":"https:\/\/www.stockalperweg.ch\/wp-content\/uploads\/2020\/01\/logo-2.png","contentUrl":"https:\/\/www.stockalperweg.ch\/wp-content\/uploads\/2020\/01\/logo-2.png","width":400,"height":204,"caption":"Stockalperweg"},"image":{"@id":"https:\/\/www.stockalperweg.ch\/fr\/#\/schema\/logo\/image\/"},"sameAs":["https:\/\/www.facebook.com\/ViaStockalper","https:\/\/de.wikipedia.org\/wiki\/Via_Stockalper"]}]}},"_links":{"self":[{"href":"https:\/\/www.stockalperweg.ch\/fr\/wp-json\/wp\/v2\/pages\/1798","targetHints":{"allow":["GET"]}}],"collection":[{"href":"https:\/\/www.stockalperweg.ch\/fr\/wp-json\/wp\/v2\/pages"}],"about":[{"href":"https:\/\/www.stockalperweg.ch\/fr\/wp-json\/wp\/v2\/types\/page"}],"author":[{"embeddable":true,"href":"https:\/\/www.stockalperweg.ch\/fr\/wp-json\/wp\/v2\/users\/7"}],"replies":[{"embeddable":true,"href":"https:\/\/www.stockalperweg.ch\/fr\/wp-json\/wp\/v2\/comments?post=1798"}],"version-history":[{"count":23,"href":"https:\/\/www.stockalperweg.ch\/fr\/wp-json\/wp\/v2\/pages\/1798\/revisions"}],"predecessor-version":[{"id":4955,"href":"https:\/\/www.stockalperweg.ch\/fr\/wp-json\/wp\/v2\/pages\/1798\/revisions\/4955"}],"up":[{"embeddable":true,"href":"https:\/\/www.stockalperweg.ch\/fr\/wp-json\/wp\/v2\/pages\/1712"}],"wp:featuredmedia":[{"embeddable":true,"href":"https:\/\/www.stockalperweg.ch\/fr\/wp-json\/wp\/v2\/media\/874"}],"wp:attachment":[{"href":"https:\/\/www.stockalperweg.ch\/fr\/wp-json\/wp\/v2\/media?parent=1798"}],"curies":[{"name":"wp","href":"https:\/\/api.w.org\/{rel}","templated":true}]}}