{"id":1748,"date":"2020-08-06T13:29:00","date_gmt":"2020-08-06T12:29:00","guid":{"rendered":"https:\/\/www.stockalperweg.ch\/offres\/brigue-gondo\/"},"modified":"2025-01-13T15:28:15","modified_gmt":"2025-01-13T14:28:15","slug":"brigue-gondo","status":"publish","type":"page","link":"https:\/\/www.stockalperweg.ch\/fr\/offres\/brigue-gondo\/","title":{"rendered":"Brigue &#8211; Gondo"},"content":{"rendered":"<div id='full_slider_1'  class='avia-fullwidth-slider main_color avia-shadow   avia-builder-el-0  el_before_av_section  avia-builder-el-first   container_wrap fullsize'  ><div  class='avia-slideshow av-k5fgmq02-c9248ce5ad5fb7f60706279652539616 avia-slideshow-featured av_slideshow_full avia-slide-slider av-slideshow-ui av-control-default av-slideshow-manual av-loop-once av-loop-manual-endless av-default-height-applied   avia-slideshow-1' data-slideshow-options=\"{&quot;animation&quot;:&quot;slide&quot;,&quot;autoplay&quot;:false,&quot;loop_autoplay&quot;:&quot;once&quot;,&quot;interval&quot;:5,&quot;loop_manual&quot;:&quot;manual-endless&quot;,&quot;autoplay_stopper&quot;:false,&quot;noNavigation&quot;:false,&quot;bg_slider&quot;:false,&quot;keep_padding&quot;:false,&quot;hoverpause&quot;:false,&quot;show_slide_delay&quot;:0}\"  itemprop=\"image\" itemscope=\"itemscope\" itemtype=\"https:\/\/schema.org\/ImageObject\" ><ul class='avia-slideshow-inner ' style='padding-bottom: 30.175438596491%;'><li  class='avia-slideshow-slide av-k5fgmq02-c9248ce5ad5fb7f60706279652539616__0  av-single-slide slide-1 slide-odd'><div data-rel='slideshow-1' class='avia-slide-wrap '   ><img decoding=\"async\" fetchpriority=\"high\" class=\"wp-image-693 avia-img-lazy-loading-not-693\"  src=\"https:\/\/www.stockalperweg.ch\/wp-content\/uploads\/2020\/01\/ViaStockalper-Saltina-Mittub\u00e4ch-1425x430.jpg\" width=\"1425\" height=\"430\" title='ViaStockalper Saltina Taferna Mittub\u00e4ch' alt='Wanderferien in der Schweiz'  itemprop=\"thumbnailUrl\"   \/><\/div><\/li><\/ul><\/div><\/div>\n<div id='av_section_1'  class='avia-section av-jlnne-990fd267839f67dd02013d343861188c main_color avia-section-default avia-no-border-styling  avia-builder-el-1  el_after_av_slideshow_full  el_before_av_section  avia-bg-style-scroll container_wrap fullsize'  ><div class='container av-section-cont-open' ><div class='template-page content  av-content-full alpha units'><div class='post-entry post-entry-type-page post-entry-1748'><div class='entry-content-wrapper clearfix'>\n\n<style type=\"text\/css\" data-created_by=\"avia_inline_auto\" id=\"style-css-av-dk4mq-58ef91405aef4be3e114685c7ce86c5c\">\n.flex_column.av-dk4mq-58ef91405aef4be3e114685c7ce86c5c{\nborder-radius:0px 0px 0px 0px;\npadding:0px 0px 0px 0px;\n}\n<\/style>\n<div  class='flex_column av-dk4mq-58ef91405aef4be3e114685c7ce86c5c av_two_third  avia-builder-el-2  el_before_av_one_third  avia-builder-el-first  first flex_column_div av-zero-column-padding  '     ><section  class='av_textblock_section av-k5fglpn8-84ab09e833cd84d57eade952317d86e2 '   itemscope=\"itemscope\" itemtype=\"https:\/\/schema.org\/CreativeWork\" ><div class='avia_textblock'  itemprop=\"text\" ><h1>Vacances \u00e0 pied Brigue &#8211; Gondo<\/h1>\n<p>Randonn\u00e9e: <a href=\"https:\/\/www.stockalperweg.ch\/fr\/viastockalper\/\">Stockalperweg<\/a><\/p>\n<h2>Forfait ViaStockalper 3 nuits<\/h2>\n<p>Il y a plus de 300 ans, le chemin muletier du Simplon a \u00e9t\u00e9 am\u00e9nag\u00e9 par Kaspar Stockalper. Depuis longtemps, il a perdu son importance \u00e9conomique au profit de la route plus r\u00e9cente. Depuis quelques ann\u00e9es, il conna\u00eet toutefois un regain d&rsquo;int\u00e9r\u00eat en tant qu&rsquo;itin\u00e9raire de randonn\u00e9e culturelle.<\/p>\n<p>En trois \u00e9tapes journali\u00e8res, le sentier muletier m\u00e8ne de Brigue au col du Simplon et \u00e0 Gondo. D\u00e9couvrez les contrastes du sentier Stockalper : vastes for\u00eats de m\u00e9l\u00e8zes, roses des Alpes en fleurs, troupeaux de vaches, vall\u00e9es isol\u00e9es, torrents de montagne tumultueux, route nationale&#8230; Vous voyagez avec un sac \u00e0 dos journalier, vos bagages sont transport\u00e9s pour vous d&rsquo;un h\u00e9bergement \u00e0 l&rsquo;autre.<\/p>\n<\/div><\/section><\/div>\n<style type=\"text\/css\" data-created_by=\"avia_inline_auto\" id=\"style-css-av-k5fjcl9k-954c4544f2a998515ba4c901ffd8a67f\">\n@keyframes av_boxShadowEffect_av-k5fjcl9k-954c4544f2a998515ba4c901ffd8a67f-column {\n0%   { box-shadow:  0 0 0 0 #000000; opacity: 1; }\n100% { box-shadow:  0 0 5px 0 #000000; opacity: 1; }\n}\n.flex_column.av-k5fjcl9k-954c4544f2a998515ba4c901ffd8a67f{\nbox-shadow: 0 0 5px 0 #000000;\nborder-radius:0px 0px 0px 0px;\npadding:15px 15px 15px 15px;\n}\n<\/style>\n<div  class='flex_column av-k5fjcl9k-954c4544f2a998515ba4c901ffd8a67f av_one_third  avia-builder-el-4  el_after_av_two_third  el_before_av_one_full  flex_column_div shadow-not-animated  '     ><p><article  class='iconbox iconbox_left av-k5fj8kx5-d20a30bf36c346546a5ae8e108a4c454  avia-builder-el-5  el_before_av_hr  avia-builder-el-first '  itemscope=\"itemscope\" itemtype=\"https:\/\/schema.org\/CreativeWork\" ><div class=\"iconbox_content\"><header class=\"entry-content-header\" aria-label=\"Ic\u00f4ne : \u00e0 partir de CHF 499\"><div class='iconbox_icon heading-color avia-iconfont avia-font-entypo-fontello' data-av_icon='\ue827' data-av_iconfont='entypo-fontello'  ><\/div><h3 class='iconbox_content_title '  itemprop=\"headline\" >\u00e0 partir de CHF 499<\/h3><\/header><div class='iconbox_content_container '  itemprop=\"text\" ><p>par personne dans une chambre double<\/p>\n<\/div><\/div><footer class=\"entry-footer\"><\/footer><\/article><br \/>\n\n<style type=\"text\/css\" data-created_by=\"avia_inline_auto\" id=\"style-css-av-k5fi5xa0-23b1d1e1375091d72e882badd05419b7\">\n#top .hr.av-k5fi5xa0-23b1d1e1375091d72e882badd05419b7{\nmargin-top:0;\nmargin-bottom:5px;\n}\n.hr.av-k5fi5xa0-23b1d1e1375091d72e882badd05419b7 .hr-inner{\nwidth:100%;\nborder-color:#231f20;\n}\n<\/style>\n<div  class='hr av-k5fi5xa0-23b1d1e1375091d72e882badd05419b7 hr-custom  avia-builder-el-6  el_after_av_icon_box  el_before_av_icon_box  hr-center hr-icon-no'><span class='hr-inner inner-border-av-border-thin'><span class=\"hr-inner-style\"><\/span><\/span><\/div><br \/>\n<article  class='iconbox iconbox_left av-k5fj8kx5-25-3f6dbd132170fd50ce5bf80a12304a08  avia-builder-el-7  el_after_av_hr  el_before_av_progress '  itemscope=\"itemscope\" itemtype=\"https:\/\/schema.org\/CreativeWork\" ><div class=\"iconbox_content\"><header class=\"entry-content-header\" aria-label=\"Ic\u00f4ne : Difficult\u00e9\"><div class='iconbox_icon heading-color avia-iconfont avia-font-entypo-fontello' data-av_icon='\ue8c7' data-av_iconfont='entypo-fontello'  ><\/div><h3 class='iconbox_content_title '  itemprop=\"headline\" >Difficult\u00e9<\/h3><\/header><div class='iconbox_content_container '  itemprop=\"text\" ><\/div><\/div><footer class=\"entry-footer\"><\/footer><\/article><br \/>\n\n<style type=\"text\/css\" data-created_by=\"avia_inline_auto\" id=\"style-css-sub-av-k5fi4qnc-2d7be1c762d315f2b511aed79556d20c\">\n#top .avia-progress-bar-container .avia-progress-bar.av-j5b1d-cf4185f86f0f841c95766f154f5bc053 .bar{\nwidth:72%;\nbackground:#83a846;\n}\n<\/style>\n<div  class='avia-progress-bar-container av-k5fi4qnc-2d7be1c762d315f2b511aed79556d20c av-flat-bar av-animated-bar avia_animate_when_almost_visible  avia-builder-el-8  el_after_av_icon_box  el_before_av_hr '><div class='avia-progress-bar av-j5b1d-cf4185f86f0f841c95766f154f5bc053 icon-bar-no green-bar icon-bar-no'><div class=\"progress\"><div class=\"bar-outer\"><div class='bar' data-progress='72'><\/div><\/div><\/div><\/div><\/div><br \/>\n\n<style type=\"text\/css\" data-created_by=\"avia_inline_auto\" id=\"style-css-av-k5fi5xa0-24-e08ba6479aea6492485115e8ce5353d3\">\n#top .hr.av-k5fi5xa0-24-e08ba6479aea6492485115e8ce5353d3{\nmargin-top:0;\nmargin-bottom:5px;\n}\n.hr.av-k5fi5xa0-24-e08ba6479aea6492485115e8ce5353d3 .hr-inner{\nwidth:100%;\nborder-color:#231f20;\n}\n<\/style>\n<div  class='hr av-k5fi5xa0-24-e08ba6479aea6492485115e8ce5353d3 hr-custom  avia-builder-el-9  el_after_av_progress  el_before_av_iconlist  hr-center hr-icon-no'><span class='hr-inner inner-border-av-border-thin'><span class=\"hr-inner-style\"><\/span><\/span><\/div><br \/>\n<div  class='avia-icon-list-container av-k5fgvyxj-32e61c8fd741a5d6fb5095f9b458002b  avia-builder-el-10  el_after_av_hr  el_before_av_button '><ul class='avia-icon-list avia_animate_when_almost_visible avia-icon-list-left av-iconlist-small av-k5fgvyxj-32e61c8fd741a5d6fb5095f9b458002b avia-iconlist-animate'>\n<li><div class='iconlist_icon av-1nhj1-acf9206494142bbf982ed902ed5921ce avia-font-fontello avia-iconfont avia-font-fontello'><span class='av-icon-char' data-av_icon='\uf236' data-av_iconfont='fontello' aria-hidden=\"true\"><\/span><\/div><article class=\"article-icon-entry av-iconlist-empty\"  itemscope=\"itemscope\" itemtype=\"https:\/\/schema.org\/CreativeWork\" ><div class=\"iconlist_content_wrap\"><header class=\"entry-content-header\" aria-label=\"Ic\u00f4ne : 4 jours \/ 3 nuits\"><div class='av_iconlist_title iconlist_title_small  '  itemprop=\"headline\" >4 jours \/ 3 nuits<\/div><\/header><div class='iconlist_content '  itemprop=\"text\" ><\/div><\/div><footer class=\"entry-footer\"><\/footer><\/article><div class=\"iconlist-timeline\"><\/div><\/li>\n<li><div class='iconlist_icon av-6yiqp-317ef2819d10d7767a35d5b279ad137b avia-font-entypo-fontello avia-iconfont avia-font-entypo-fontello'><span class='av-icon-char' data-av_icon='\ue841' data-av_iconfont='entypo-fontello' aria-hidden=\"true\"><\/span><\/div><article class=\"article-icon-entry av-iconlist-empty\"  itemscope=\"itemscope\" itemtype=\"https:\/\/schema.org\/CreativeWork\" ><div class=\"iconlist_content_wrap\"><header class=\"entry-content-header\" aria-label=\"Ic\u00f4ne : Randonn\u00e9e individuelle \"><div class='av_iconlist_title iconlist_title_small  '  itemprop=\"headline\" >Randonn\u00e9e individuelle <\/div><\/header><div class='iconlist_content '  itemprop=\"text\" ><\/div><\/div><footer class=\"entry-footer\"><\/footer><\/article><div class=\"iconlist-timeline\"><\/div><\/li>\n<li><div class='iconlist_icon av-jbda2-ecf039dc3aa156a2e0ae46a25ef3502f avia-font-entypo-fontello avia-iconfont avia-font-entypo-fontello'><span class='av-icon-char' data-av_icon='\ue8bc' data-av_iconfont='entypo-fontello' aria-hidden=\"true\"><\/span><\/div><article class=\"article-icon-entry av-iconlist-empty\"  itemscope=\"itemscope\" itemtype=\"https:\/\/schema.org\/CreativeWork\" ><div class=\"iconlist_content_wrap\"><header class=\"entry-content-header\" aria-label=\"Ic\u00f4ne : Transport des bagages \"><div class='av_iconlist_title iconlist_title_small  '  itemprop=\"headline\" >Transport des bagages <\/div><\/header><div class='iconlist_content '  itemprop=\"text\" ><\/div><\/div><footer class=\"entry-footer\"><\/footer><\/article><div class=\"iconlist-timeline\"><\/div><\/li>\n<\/ul><\/div><br \/>\n<div  class='avia-button-wrap av-k5fgs1k1-96ea0ec15ba9970d016339a019517894-wrap avia-button-center  avia-builder-el-11  el_after_av_iconlist  avia-builder-el-last '><a href='https:\/\/www.stockalperweg.ch\/fr\/offres\/demander\/'  class='avia-button av-k5fgs1k1-96ea0ec15ba9970d016339a019517894 av-link-btn avia-icon_select-yes-left-icon avia-size-small avia-position-center avia-color-theme-color'   aria-label=\"Commandez votre offre personnelle \"><span class='avia_button_icon avia_button_icon_left avia-iconfont avia-font-entypo-fontello' data-av_icon='\ue812' data-av_iconfont='entypo-fontello' ><\/span><span class='avia_iconbox_title' >Commandez votre offre personnelle <\/span><\/a><\/div><\/p><\/div>\n<style type=\"text\/css\" data-created_by=\"avia_inline_auto\" id=\"style-css-av-f89r6-f9d1dfe4b61b461f2835f954c3250d0d\">\n.flex_column.av-f89r6-f9d1dfe4b61b461f2835f954c3250d0d{\nborder-radius:0px 0px 0px 0px;\npadding:0px 0px 0px 0px;\n}\n<\/style>\n<div  class='flex_column av-f89r6-f9d1dfe4b61b461f2835f954c3250d0d av_one_full  avia-builder-el-12  el_after_av_one_third  avia-builder-el-last  first flex_column_div av-zero-column-padding  column-top-margin'     ><p>\n<style type=\"text\/css\" data-created_by=\"avia_inline_auto\" id=\"style-css-av-k5fgqlda-e0f98b724800f9b62797d98eb0b5f130\">\n.avia-image-container.av-k5fgqlda-e0f98b724800f9b62797d98eb0b5f130 img.avia_image{\nbox-shadow:none;\n}\n.avia-image-container.av-k5fgqlda-e0f98b724800f9b62797d98eb0b5f130 .av-image-caption-overlay-center{\ncolor:#ffffff;\n}\n<\/style>\n<div  class='avia-image-container av-k5fgqlda-e0f98b724800f9b62797d98eb0b5f130 av-styling- avia-align-center  avia-builder-el-13  el_before_av_textblock  avia-builder-el-first '   itemprop=\"image\" itemscope=\"itemscope\" itemtype=\"https:\/\/schema.org\/ImageObject\" ><div class=\"avia-image-container-inner\"><div class=\"avia-image-overlay-wrap\"><img decoding=\"async\" fetchpriority=\"high\" class='wp-image-330 avia-img-lazy-loading-not-330 avia_image ' src=\"https:\/\/www.stockalperweg.ch\/wp-content\/uploads\/2020\/01\/Stockalperweg_ViaStockalper-3-1500x430.jpg\" alt='Stockalperweg ViaStockalper Saltinaschlucht' title='Stockalperweg_ViaStockalper (3)'  height=\"430\" width=\"1500\"  itemprop=\"thumbnailUrl\"  \/><\/div><\/div><\/div><br \/>\n<section  class='av_textblock_section av-k5wiiita-a1dceab0e372b906693c04fc81e9c888 '   itemscope=\"itemscope\" itemtype=\"https:\/\/schema.org\/CreativeWork\" ><div class='avia_textblock'  itemprop=\"text\" ><p>\n<style type=\"text\/css\" data-created_by=\"avia_inline_auto\" id=\"style-css-av-1ajrdt-596a40e33a1ee89770be215b18ea98e0\">\n.av_font_icon.av-1ajrdt-596a40e33a1ee89770be215b18ea98e0 .av-icon-char{\nfont-size:30px;\nline-height:30px;\n}\n<\/style>\n<span  class='av_font_icon av-1ajrdt-596a40e33a1ee89770be215b18ea98e0 avia_animate_when_visible av-icon-style- avia-icon-pos-left avia-iconfont avia-font-entypo-fontello av-no-color avia-icon-animate'><span class='av-icon-char' data-av_icon='\ue842' data-av_iconfont='entypo-fontello' aria-hidden=\"true\" ><\/span><\/span> <a href=\"https:\/\/goo.gl\/maps\/ZfyuYz8yHNDcAHMH8\" target=\"_blank\" rel=\"noopener\">Stockalperweg bei Ried-Brig<\/a><\/p>\n<\/div><\/section><\/p><\/div>\n\n<\/div><\/div><\/div><!-- close content main div --><\/div><\/div>\n<style type=\"text\/css\" data-created_by=\"avia_inline_auto\" id=\"style-css-av-jlnne-28-4214923fc100d58235003330ea09f7ed\">\n.avia-section.av-jlnne-28-4214923fc100d58235003330ea09f7ed{\nbackground-color:#f2f2f2;\nbackground-image:unset;\n}\n<\/style>\n<div id='av_section_2'  class='avia-section av-jlnne-28-4214923fc100d58235003330ea09f7ed main_color avia-section-default avia-no-border-styling  avia-builder-el-16  el_after_av_section  el_before_av_section  avia-bg-style-scroll container_wrap fullsize'  ><div class='container av-section-cont-open' ><div class='template-page content  av-content-full alpha units'><div class='post-entry post-entry-type-page post-entry-1748'><div class='entry-content-wrapper clearfix'>\n\n<style type=\"text\/css\" data-created_by=\"avia_inline_auto\" id=\"style-css-av-dk4mq-27-70de0ca3d4214490bb72964ba49ba9ff\">\n.flex_column.av-dk4mq-27-70de0ca3d4214490bb72964ba49ba9ff{\nborder-radius:0px 0px 0px 0px;\npadding:0px 0px 0px 0px;\n}\n<\/style>\n<div  class='flex_column av-dk4mq-27-70de0ca3d4214490bb72964ba49ba9ff av_one_full  avia-builder-el-17  el_before_av_one_third  avia-builder-el-first  first flex_column_div av-zero-column-padding  '     ><section  class='av_textblock_section av-k5fglpn8-26-2b14653aa8ca4a5f602e5536e8d8b1e9 '   itemscope=\"itemscope\" itemtype=\"https:\/\/schema.org\/CreativeWork\" ><div class='avia_textblock'  itemprop=\"text\" ><h2>Prix, services &amp; informations<\/h2>\n<\/div><\/section><\/div>\n<style type=\"text\/css\" data-created_by=\"avia_inline_auto\" id=\"style-css-av-dk4mq-20-4dd490d2575202271c0e2830c02f927b\">\n.flex_column.av-dk4mq-20-4dd490d2575202271c0e2830c02f927b{\nborder-radius:0px 0px 0px 0px;\npadding:0px 0px 0px 0px;\n}\n<\/style>\n<div  class='flex_column av-dk4mq-20-4dd490d2575202271c0e2830c02f927b av_one_third  avia-builder-el-19  el_after_av_one_full  el_before_av_one_third  first flex_column_div av-zero-column-padding  column-top-margin'     ><section  class='av_textblock_section av-k5fglpn8-19-cb00b0cb76e899b4da4919fa8a183ac1 '   itemscope=\"itemscope\" itemtype=\"https:\/\/schema.org\/CreativeWork\" ><div class='avia_textblock'  itemprop=\"text\" ><h3>Offre de randonn\u00e9e<\/h3>\n<p><strong>Chambre double \u00e0 partir de<\/strong> CHF 499.-<\/p>\n<p><strong>En option:<\/strong><br \/>\n<strong>Chambre double \u00e0 partir de<\/strong> CHF 75.-<br \/>\n<strong>Demi-pension<\/strong> CHF 105.-<br \/>\n<strong>Voyage avec chien<\/strong> CHF 60.-<br \/>\n<strong>7 jours de stationnement dans le parking de la vieille ville de Brigue<\/strong> CHF 30.-<\/p>\n<\/div><\/section><\/div>\n<style type=\"text\/css\" data-created_by=\"avia_inline_auto\" id=\"style-css-av-dk4mq-18-2c19a34fb870307400a2d8181b537c62\">\n.flex_column.av-dk4mq-18-2c19a34fb870307400a2d8181b537c62{\nborder-radius:0px 0px 0px 0px;\npadding:0px 0px 0px 0px;\n}\n<\/style>\n<div  class='flex_column av-dk4mq-18-2c19a34fb870307400a2d8181b537c62 av_one_third  avia-builder-el-21  el_after_av_one_third  el_before_av_one_third  flex_column_div av-zero-column-padding  column-top-margin'     ><section  class='av_textblock_section av-k5fglpn8-17-8d54ce5347b2e4366a533ad5d3cd7c22 '   itemscope=\"itemscope\" itemtype=\"https:\/\/schema.org\/CreativeWork\" ><div class='avia_textblock'  itemprop=\"text\" ><h3><strong>Inclus dans le prix de base :<\/strong><\/h3>\n<ul>\n<li>3 nuit\u00e9es avec petit-d\u00e9jeuner<\/li>\n<li>4 jours de <strong>libre circulation<\/strong> sur la ligne <strong>CarPostal<\/strong> Brigue-Gondo<\/li>\n<li><strong>Transport des bagages<\/strong> d&rsquo;h\u00f4tel en h\u00f4tel<\/li>\n<li>Paniers-repas pour les d\u00e9jeuners<\/li>\n<li>Visites guid\u00e9es, entr\u00e9es et surprises culinaires&#8230;<\/li>\n<\/ul>\n<\/div><\/section><\/div>\n<style type=\"text\/css\" data-created_by=\"avia_inline_auto\" id=\"style-css-av-dk4mq-16-d53ed57e22bae25dfe9d583162de139b\">\n.flex_column.av-dk4mq-16-d53ed57e22bae25dfe9d583162de139b{\nborder-radius:0px 0px 0px 0px;\npadding:0px 0px 0px 0px;\n}\n<\/style>\n<div  class='flex_column av-dk4mq-16-d53ed57e22bae25dfe9d583162de139b av_one_third  avia-builder-el-23  el_after_av_one_third  el_before_av_one_fifth  flex_column_div av-zero-column-padding  column-top-margin'     ><section  class='av_textblock_section av-k5fglpn8-15-45f26c76bc7d328bcca5ad77c36086ad '   itemscope=\"itemscope\" itemtype=\"https:\/\/schema.org\/CreativeWork\" ><div class='avia_textblock'  itemprop=\"text\" ><h3>Brigue &#8211; Gondo \/ 4 jours<\/h3>\n<\/div><\/section><br \/>\n\n<style type=\"text\/css\" data-created_by=\"avia_inline_auto\" id=\"style-css-av-k6hw9g7n-630557b9e7ada15541061115041efc66\">\n#top .hr.hr-invisible.av-k6hw9g7n-630557b9e7ada15541061115041efc66{\nheight:25px;\n}\n<\/style>\n<div  class='hr av-k6hw9g7n-630557b9e7ada15541061115041efc66 hr-invisible  avia-builder-el-25  el_after_av_textblock  el_before_av_button '><span class='hr-inner '><span class=\"hr-inner-style\"><\/span><\/span><\/div><br \/>\n<div  class='avia-button-wrap av-k5fgs1k1-23-09354953c828c75b5397e2098f6e2086-wrap avia-button-left  avia-builder-el-26  el_after_av_hr  avia-builder-el-last '><a href='https:\/\/www.stockalperweg.ch\/fr\/offres\/demander\/'  class='avia-button av-k5fgs1k1-23-09354953c828c75b5397e2098f6e2086 av-link-btn avia-icon_select-yes-left-icon avia-size-small avia-position-left avia-color-theme-color'   aria-label=\"Demander une offre\"><span class='avia_button_icon avia_button_icon_left avia-iconfont avia-font-entypo-fontello' data-av_icon='\ue812' data-av_iconfont='entypo-fontello' ><\/span><span class='avia_iconbox_title' >Demander une offre<\/span><\/a><\/div><\/p><\/div>\n<style type=\"text\/css\" data-created_by=\"avia_inline_auto\" id=\"style-css-av-dk4mq-14-c041b7f2686d7b74cbee569ec5d8b566\">\n.flex_column.av-dk4mq-14-c041b7f2686d7b74cbee569ec5d8b566{\nborder-radius:0px 0px 0px 0px;\npadding:0px 0px 0px 0px;\n}\n<\/style>\n<div  class='flex_column av-dk4mq-14-c041b7f2686d7b74cbee569ec5d8b566 av_one_fifth  avia-builder-el-27  el_after_av_one_third  el_before_av_three_fifth  first flex_column_div av-zero-column-padding  column-top-margin'     ><\/div>\n<style type=\"text\/css\" data-created_by=\"avia_inline_auto\" id=\"style-css-av-dk4mq-12-58b0ae8d05dc8cadc787b3b75f1256dc\">\n.flex_column.av-dk4mq-12-58b0ae8d05dc8cadc787b3b75f1256dc{\nborder-radius:0px 0px 0px 0px;\npadding:0px 0px 0px 0px;\n}\n<\/style>\n<div  class='flex_column av-dk4mq-12-58b0ae8d05dc8cadc787b3b75f1256dc av_three_fifth  avia-builder-el-28  el_after_av_one_fifth  el_before_av_one_fifth  flex_column_div av-zero-column-padding  column-top-margin'     ><section  class='av_textblock_section av-k5fglpn8-13-93d5c908ee9da25e6e2bf37ee5254ea5 '   itemscope=\"itemscope\" itemtype=\"https:\/\/schema.org\/CreativeWork\" ><div class='avia_textblock'  itemprop=\"text\" ><h3 style=\"text-align: center;\">Infos et documentation<strong><br \/>\n<\/strong><\/h3>\n<p style=\"text-align: center;\">Avant l&rsquo;excursion, nous vous enverrons par courrier une partie des documents tels que la carte de randonn\u00e9e, le flyer et l&rsquo;horaire du CarPostal ainsi que la confirmation de la r\u00e9servation. Le kit Stockalper qui contient les bons et entr\u00e9es d&rsquo;h\u00f4tels, un petit souvenir et d&rsquo;amples informations sur la randonn\u00e9e, vous sera transmis \u00e0 la r\u00e9ception de votre premier h\u00f4tel.<strong><br \/>\n<\/strong><\/p>\n<\/div><\/section><\/div>\n<style type=\"text\/css\" data-created_by=\"avia_inline_auto\" id=\"style-css-av-dk4mq-11-662d775f5be43a967f1507682118527e\">\n.flex_column.av-dk4mq-11-662d775f5be43a967f1507682118527e{\nborder-radius:0px 0px 0px 0px;\npadding:0px 0px 0px 0px;\n}\n<\/style>\n<div  class='flex_column av-dk4mq-11-662d775f5be43a967f1507682118527e av_one_fifth  avia-builder-el-30  el_after_av_three_fifth  avia-builder-el-last  flex_column_div av-zero-column-padding  column-top-margin'     ><\/div><\/div><\/div><\/div><!-- close content main div --><\/div><\/div><div id='av_section_3'  class='avia-section av-ltsnwygk-21e61b2db62ad5b9b72ce7adcc244759 main_color avia-section-default avia-no-border-styling  avia-builder-el-31  el_after_av_section  el_before_av_section  av-mini-hide avia-bg-style-scroll container_wrap fullsize'  ><div class='container av-section-cont-open' ><div class='template-page content  av-content-full alpha units'><div class='post-entry post-entry-type-page post-entry-1748'><div class='entry-content-wrapper clearfix'>\n<div  class='flex_column av-m37n1-245b0e0bd1c7b55231cdd0ab831f76c4 av_one_fifth  avia-builder-el-32  el_before_av_three_fifth  avia-builder-el-first  first flex_column_div  '     ><\/div><div  class='flex_column av-h8klp-64fdaf6efdd0bb47535e9786bd720d87 av_three_fifth  avia-builder-el-33  el_after_av_one_fifth  el_before_av_one_fifth  flex_column_div  '     ><\/div><div  class='flex_column av-abzj1-b03270ae364883eadf05d09653ba9172 av_one_fifth  avia-builder-el-34  el_after_av_three_fifth  avia-builder-el-last  flex_column_div  '     ><\/div>\n<\/p>\n<\/div><\/div><\/div><!-- close content main div --><\/div><\/div><div id='av_section_4'  class='avia-section av-ltsnx561-f77ebe017d89c856941c60ffaa472ef3 main_color avia-section-default avia-no-border-styling  avia-builder-el-35  el_after_av_section  el_before_av_section  av-desktop-hide av-medium-hide av-small-hide avia-bg-style-scroll container_wrap fullsize'  ><div class='container av-section-cont-open' ><div class='template-page content  av-content-full alpha units'><div class='post-entry post-entry-type-page post-entry-1748'><div class='entry-content-wrapper clearfix'>\n\n\n<\/div><\/div><\/div><!-- close content main div --><\/div><\/div><div id='av_section_5'  class='avia-section av-jlnne-21-94fe286516dbcec58f2337a8f39f572f main_color avia-section-default avia-no-border-styling  avia-builder-el-37  el_after_av_section  el_before_av_section  avia-bg-style-scroll container_wrap fullsize'  ><div class='container av-section-cont-open' ><div class='template-page content  av-content-full alpha units'><div class='post-entry post-entry-type-page post-entry-1748'><div class='entry-content-wrapper clearfix'>\n\n<style type=\"text\/css\" data-created_by=\"avia_inline_auto\" id=\"style-css-av-b38sa-1a01d06bab85991e09dbcc6d4bea730e\">\n.flex_column.av-b38sa-1a01d06bab85991e09dbcc6d4bea730e{\nborder-radius:0px 0px 0px 0px;\npadding:0px 0px 0px 0px;\n}\n<\/style>\n<div  class='flex_column av-b38sa-1a01d06bab85991e09dbcc6d4bea730e av_one_full  avia-builder-el-38  avia-builder-el-no-sibling  first flex_column_div av-zero-column-padding  '     ><section  class='av_textblock_section av-k5fglpn8-10-138f3a839e850455e4486844a888f5eb '   itemscope=\"itemscope\" itemtype=\"https:\/\/schema.org\/CreativeWork\" ><div class='avia_textblock'  itemprop=\"text\" ><h2>profil d&rsquo;\u00e9l\u00e9vation<\/h2>\n<\/div><\/section><br \/>\n\n<style type=\"text\/css\" data-created_by=\"avia_inline_auto\" id=\"style-css-av-k5fgqlda-22-1afd902c0064f0c8650b4de91e8c2413\">\n.avia-image-container.av-k5fgqlda-22-1afd902c0064f0c8650b4de91e8c2413 img.avia_image{\nbox-shadow:none;\n}\n.avia-image-container.av-k5fgqlda-22-1afd902c0064f0c8650b4de91e8c2413 .av-image-caption-overlay-center{\ncolor:#ffffff;\n}\n<\/style>\n<div  class='avia-image-container av-k5fgqlda-22-1afd902c0064f0c8650b4de91e8c2413 av-styling- avia-align-center  avia-builder-el-40  el_after_av_textblock  avia-builder-el-last '   itemprop=\"image\" itemscope=\"itemscope\" itemtype=\"https:\/\/schema.org\/ImageObject\" ><div class=\"avia-image-container-inner\"><div class=\"avia-image-overlay-wrap\"><img decoding=\"async\" fetchpriority=\"high\" class='wp-image-931 avia-img-lazy-loading-not-931 avia_image ' src=\"https:\/\/www.stockalperweg.ch\/wp-content\/uploads\/2020\/02\/H\u00f6henprofil-Brig-Gondo-scaled.jpg\" alt='H\u00f6henprofil Stockalperweg Brig nach Gondo' title='H\u00f6henprofil Stockalperweg Brig nach Gondo'  height=\"488\" width=\"2560\"  itemprop=\"thumbnailUrl\" srcset=\"https:\/\/www.stockalperweg.ch\/wp-content\/uploads\/2020\/02\/H\u00f6henprofil-Brig-Gondo-scaled.jpg 2560w, https:\/\/www.stockalperweg.ch\/wp-content\/uploads\/2020\/02\/H\u00f6henprofil-Brig-Gondo-scaled-600x114.jpg 600w, https:\/\/www.stockalperweg.ch\/wp-content\/uploads\/2020\/02\/H\u00f6henprofil-Brig-Gondo-300x57.jpg 300w, https:\/\/www.stockalperweg.ch\/wp-content\/uploads\/2020\/02\/H\u00f6henprofil-Brig-Gondo-1030x196.jpg 1030w, https:\/\/www.stockalperweg.ch\/wp-content\/uploads\/2020\/02\/H\u00f6henprofil-Brig-Gondo-768x146.jpg 768w, https:\/\/www.stockalperweg.ch\/wp-content\/uploads\/2020\/02\/H\u00f6henprofil-Brig-Gondo-1536x293.jpg 1536w, https:\/\/www.stockalperweg.ch\/wp-content\/uploads\/2020\/02\/H\u00f6henprofil-Brig-Gondo-2048x390.jpg 2048w, https:\/\/www.stockalperweg.ch\/wp-content\/uploads\/2020\/02\/H\u00f6henprofil-Brig-Gondo-1500x286.jpg 1500w, https:\/\/www.stockalperweg.ch\/wp-content\/uploads\/2020\/02\/H\u00f6henprofil-Brig-Gondo-705x134.jpg 705w\" sizes=\"(max-width: 2560px) 100vw, 2560px\" \/><\/div><\/div><\/div><\/p><\/div>\n\n<\/div><\/div><\/div><!-- close content main div --><\/div><\/div>\n<style type=\"text\/css\" data-created_by=\"avia_inline_auto\" id=\"style-css-av-jlnne-9-e7f564e6dfa1bb2af349ddcfc6a5012f\">\n.avia-section.av-jlnne-9-e7f564e6dfa1bb2af349ddcfc6a5012f{\nbackground-color:#f2f2f2;\nbackground-image:unset;\n}\n<\/style>\n<div id='av_section_6'  class='avia-section av-jlnne-9-e7f564e6dfa1bb2af349ddcfc6a5012f main_color avia-section-default avia-no-border-styling  avia-builder-el-41  el_after_av_section  el_before_av_section  avia-bg-style-scroll container_wrap fullsize'  ><div class='container av-section-cont-open' ><div class='template-page content  av-content-full alpha units'><div class='post-entry post-entry-type-page post-entry-1748'><div class='entry-content-wrapper clearfix'>\n\n<style type=\"text\/css\" data-created_by=\"avia_inline_auto\" id=\"style-css-av-b38sa-8-5ccbd1f21e4ef0d4d3a4c5ca0502474d\">\n.flex_column.av-b38sa-8-5ccbd1f21e4ef0d4d3a4c5ca0502474d{\nborder-radius:0px 0px 0px 0px;\npadding:0px 0px 0px 0px;\n}\n<\/style>\n<div  id=\"floatinglist\"  class='flex_column av-b38sa-8-5ccbd1f21e4ef0d4d3a4c5ca0502474d av_one_full  avia-builder-el-42  avia-builder-el-no-sibling  first flex_column_div av-zero-column-padding  '     ><section  class='av_textblock_section av-k5fglpn8-7-f662fad5981df71dfcb140ff0d6c7ebc '   itemscope=\"itemscope\" itemtype=\"https:\/\/schema.org\/CreativeWork\" ><div class='avia_textblock'  itemprop=\"text\" ><h2>Randonn\u00e9e &amp; d\u00e9roulement de la journ\u00e9e<\/h2>\n<\/div><\/section><br \/>\n\n<style type=\"text\/css\" data-created_by=\"avia_inline_auto\" id=\"style-css-av-k5gxuwn8-2ebac20656a6f60938d48ff3f103cde4\">\n.avia-timeline-container.av-k5gxuwn8-2ebac20656a6f60938d48ff3f103cde4 .av-milestone-date{\nfont-size:,;\n}\n.avia-timeline-container.av-k5gxuwn8-2ebac20656a6f60938d48ff3f103cde4 .av-milestone-icon-inner{\ncolor:#b32018;\n}\n.avia-timeline-container.av-k5gxuwn8-2ebac20656a6f60938d48ff3f103cde4 i.milestone-char.avia-svg-icon svg:first-child{\nfill:#b32018;\nstroke:#b32018;\n}\n<\/style>\n<div  id=\"avia-timeline-1\"  class='avia-timeline-container av-k5gxuwn8-2ebac20656a6f60938d48ff3f103cde4 av-slideshow-ui  avia-builder-el-44  el_after_av_textblock  avia-builder-el-last ' ><ul class='avia-timeline avia-timeline-vertical av-milestone-placement-left avia-timeline- avia_animate_when_almost_visible avia-timeline-animate'>\n<li  class='av-milestone av-pjsz9-57288bb4b791dcaddc08314c1263ca80 av-animated-generic fade-in av-milestone-valign-baseline av-milestone-odd'><h2 class='av-milestone-date ' id='milestone-jour-1' ><strong>Jour 1<span class='av-milestone-indicator'><\/span><\/strong><\/h2><div class=\"av-milestone-icon-wrap\"><span class='av-milestone-icon milestone_icon avia-font-entypo-fontello'><span class='av-milestone-icon-inner milestone_inner'><i class='milestone-char avia-iconfont avia-font-entypo-fontello' data-av_icon='' data-av_iconfont='entypo-fontello' ><\/i><\/span><\/span><\/div><article class='av-milestone-content-wrap'><div class='av-milestone-contentbox'><header class=\"entry-content-header\" aria-label=\"\u00c9tape : Arriv\u00e9e\"><h4 class='av-milestone-title '>Arriv\u00e9e<\/h4><\/header><div class='av-milestone-content'><p>Arriv\u00e9e individuelle \u00e0 Brigue. D\u00e9couvrez la ville alpine de Brigue et rendez visite au ch\u00e2teau baroque de Stockalper.<\/p>\n<\/div><\/div><footer class='av-milestone-article-footer entry-footer'><\/footer><\/article><\/li>\n<li  class='av-milestone av-crtkd-9b6ed0a8276a2a20fbc6cf7efc2cfa71 av-animated-generic fade-in av-milestone-valign-baseline av-milestone-even'><h2 class='av-milestone-date ' id='milestone-jour-2' ><strong>Jour 2<span class='av-milestone-indicator'><\/span><\/strong><\/h2><div class=\"av-milestone-icon-wrap\"><span class='av-milestone-icon milestone_icon avia-font-entypo-fontello'><span class='av-milestone-icon-inner milestone_inner'><i class='milestone-char avia-iconfont avia-font-entypo-fontello' data-av_icon='' data-av_iconfont='entypo-fontello' ><\/i><\/span><\/span><\/div><article class='av-milestone-content-wrap'><div class='av-milestone-contentbox'><header class=\"entry-content-header\" aria-label=\"\u00c9tape : Brigue - Col du Simplon\"><h4 class='av-milestone-title '>Brigue - Col du Simplon<\/h4><\/header><div class='av-milestone-content'><p>Randonn\u00e9e via Ried-Brigue jusqu&rsquo;\u00e0 \u00ab\u00a0Schallberg\u00a0\u00bb et descente vers le hameau de \u00ab\u00a0Grund\u00a0\u00bb. A partir de l\u00e0, le sentier Stockalper suit le ruisseau sauvage de Tafernabach jusqu&rsquo;aux ruines de l&rsquo;ancienne auberge. Accordez-vous une petite pause avant d&rsquo;attaquer la derni\u00e8re mont\u00e9e en direction du col du Simplon.<\/p>\n<p><strong>Variante light<\/strong> : \u00e9conomisez environ 600 m\u00e8tres de d\u00e9nivel\u00e9 et prenez le car postal jusqu&rsquo;\u00e0 \u00ab\u00a0Schallberg\u00a0\u00bb (ou aussi jusqu&rsquo;\u00e0 Taferna). Le billet de car postal est inclus dans le prix.<\/p>\n<\/div><\/div><footer class='av-milestone-article-footer entry-footer'><\/footer><\/article><\/li>\n<li  class='av-milestone av-fmhjx-5f5341dd6df801d2982051817ef81954 av-animated-generic fade-in av-milestone-valign-baseline av-milestone-odd'><h2 class='av-milestone-date ' id='milestone-jour-3' ><strong>Jour 3<span class='av-milestone-indicator'><\/span><\/strong><\/h2><div class=\"av-milestone-icon-wrap\"><span class='av-milestone-icon milestone_icon avia-font-entypo-fontello'><span class='av-milestone-icon-inner milestone_inner'><i class='milestone-char avia-iconfont avia-font-entypo-fontello' data-av_icon='' data-av_iconfont='entypo-fontello' ><\/i><\/span><\/span><\/div><article class='av-milestone-content-wrap'><div class='av-milestone-contentbox'><header class=\"entry-content-header\" aria-label=\"\u00c9tape : Col du Simplon - Simplon Dorf\"><h4 class='av-milestone-title '>Col du Simplon - Simplon Dorf<\/h4><\/header><div class='av-milestone-content'><p>Courte descente dans la plaine \u00ab\u00a0Gampisch\u00a0\u00bb. Ensuite, vous passez devant de nombreux animaux et des cabanes rustiques en pierre, jusqu&rsquo;\u00e0 ce que Simplon Dorf apparaisse en vue. Ne manquez pas de visiter l&rsquo;\u00e9comus\u00e9e dans l'\u00a0\u00bbancienne auberge\u00a0\u00bb et de faire un petit d\u00e9tour par la boulangerie \u00ab\u00a0Arnold\u00a0\u00bb, qui fabrique le c\u00e9l\u00e8bre \u00ab\u00a0pain de seigle Simpil\u00e4r\u00a0\u00bb \u00e0 base de levain, et la fromagerie d&rsquo;alpage de Simplon.<\/p>\n<\/div><\/div><footer class='av-milestone-article-footer entry-footer'><\/footer><\/article><\/li>\n<li  class='av-milestone av-bvy6t-a3c5a1186b693e60197383a79868a747 av-animated-generic fade-in av-milestone-valign-baseline av-milestone-even'><h2 class='av-milestone-date ' id='milestone-jour-4' ><strong>Jour 4<span class='av-milestone-indicator'><\/span><\/strong><\/h2><div class=\"av-milestone-icon-wrap\"><span class='av-milestone-icon milestone_icon avia-font-entypo-fontello'><span class='av-milestone-icon-inner milestone_inner'><i class='milestone-char avia-iconfont avia-font-entypo-fontello' data-av_icon='' data-av_iconfont='entypo-fontello' ><\/i><\/span><\/span><\/div><article class='av-milestone-content-wrap'><div class='av-milestone-contentbox'><header class=\"entry-content-header\" aria-label=\"\u00c9tape : Simplon Dorf - Gondo\"><h4 class='av-milestone-title '>Simplon Dorf - Gondo<\/h4><\/header><div class='av-milestone-content'><p>Apr\u00e8s la descente vers le \u00ab\u00a0Gabi\u00a0\u00bb, vous avez l&#8217;embarras du choix &#8211; la destination de l&rsquo;\u00e9tape, Gondo, peut \u00eatre atteinte de deux mani\u00e8res diff\u00e9rentes.<\/p>\n<p>Traversez les impressionnantes gorges de Gondo en empruntant des passerelles et des ponts. Vous traversez la forteresse \u00ab\u00a0Fort Gondo\u00a0\u00bb sur environ 350 m avant de quitter les gorges et d&rsquo;atteindre Gondo sur le c\u00f4t\u00e9 gauche de la vall\u00e9e.<\/p>\n<p><strong> Variante Furggu: <\/strong>Vom Gabi steigt der Weg konstant Richtung Furggu an. Auf \u201eVariante Furggu : Depuis Gabi, le chemin monte constamment en direction de Furggu. Une fois arriv\u00e9 \u00e0 \u00ab\u00a0Furggu\u00a0\u00bb, commence la descente dans la vall\u00e9e du Zwischberg jusqu&rsquo;au hameau de \u00ab\u00a0Bord\u00a0\u00bb et ensuite la descente vers le village frontalier de Gondo. <a href=\"https:\/\/www.stockalperweg.ch\/fr\/viastockalper\/#3.2.etappe\">Etappenbeschrieb<\/a><\/p>\n<\/div><\/div><footer class='av-milestone-article-footer entry-footer'><\/footer><\/article><\/li>\n<\/ul><\/div><\/p><\/div>\n\n<\/div><\/div><\/div><!-- close content main div --><\/div><\/div><div id='av_section_7'  class='avia-section av-jlnne-6-7e1c25d6b9085cd265403d6085b8336e main_color avia-section-default avia-no-border-styling  avia-builder-el-45  el_after_av_section  el_before_av_section  avia-bg-style-scroll container_wrap fullsize'  ><div class='container av-section-cont-open' ><div class='template-page content  av-content-full alpha units'><div class='post-entry post-entry-type-page post-entry-1748'><div class='entry-content-wrapper clearfix'>\n\n<style type=\"text\/css\" data-created_by=\"avia_inline_auto\" id=\"style-css-av-b38sa-5-1ea6d49349e30a5b742602394145c865\">\n.flex_column.av-b38sa-5-1ea6d49349e30a5b742602394145c865{\nborder-radius:0px 0px 0px 0px;\npadding:0px 0px 0px 0px;\n}\n<\/style>\n<div  id=\"floatinglist\"  class='flex_column av-b38sa-5-1ea6d49349e30a5b742602394145c865 av_one_full  avia-builder-el-46  avia-builder-el-no-sibling  first flex_column_div av-zero-column-padding  '     ><section  class='av_textblock_section av-k5fglpn8-4-61e14795d87848adca041592b4d9a351 '   itemscope=\"itemscope\" itemtype=\"https:\/\/schema.org\/CreativeWork\" ><div class='avia_textblock'  itemprop=\"text\" ><h2>Itin\u00e9raire Brigue &#8211; Gondo<\/h2>\n<\/div><\/section><br \/>\n<section  class='av_textblock_section av-k5wjcukl-4e799e73e57f0d91e8b3fb92f06c39d4 '   itemscope=\"itemscope\" itemtype=\"https:\/\/schema.org\/CreativeWork\" ><div class='avia_textblock'  itemprop=\"text\" ><div style=\"min-width: 260px; max-width: 100%\"><script type=\"text\/javascript\" src=\"https:\/\/www.outdooractive.com\/fr\/embed\/24515975\/js?mw=false\"><\/script><\/div>\n<\/div><\/section><\/p><\/div>\n\n<\/div><\/div><\/div><!-- close content main div --><\/div><\/div>\n<style type=\"text\/css\" data-created_by=\"avia_inline_auto\" id=\"style-css-av-jlnne-3-8355e9d035430181890731416139a311\">\n.avia-section.av-jlnne-3-8355e9d035430181890731416139a311{\nbackground-color:#f2f2f2;\nbackground-image:unset;\n}\n<\/style>\n<div id='av_section_8'  class='avia-section av-jlnne-3-8355e9d035430181890731416139a311 main_color avia-section-default avia-no-border-styling  avia-builder-el-49  el_after_av_section  avia-builder-el-last  avia-bg-style-scroll container_wrap fullsize'  ><div class='container av-section-cont-open' ><div class='template-page content  av-content-full alpha units'><div class='post-entry post-entry-type-page post-entry-1748'><div class='entry-content-wrapper clearfix'>\n\n<style type=\"text\/css\" data-created_by=\"avia_inline_auto\" id=\"style-css-av-b38sa-2-cbe0e1d8b526978c6f7c197acb8b9e26\">\n.flex_column.av-b38sa-2-cbe0e1d8b526978c6f7c197acb8b9e26{\nborder-radius:0px 0px 0px 0px;\npadding:0px 0px 0px 0px;\n}\n<\/style>\n<div  id=\"floatinglist\"  class='flex_column av-b38sa-2-cbe0e1d8b526978c6f7c197acb8b9e26 av_one_full  avia-builder-el-50  avia-builder-el-no-sibling  first flex_column_div av-zero-column-padding  '     ><section  class='av_textblock_section av-k5fglpn8-1-92b64764ddebbe8ad46ba8b22a144f90 '   itemscope=\"itemscope\" itemtype=\"https:\/\/schema.org\/CreativeWork\" ><div class='avia_textblock'  itemprop=\"text\" ><h2>Voil\u00e0 ce qui vous attend<\/h2>\n<\/div><\/section><br \/>\n<div id='av-masonry-1' class='av-masonry av-k5s2622z-28f8846a0a5ffa9c3322311ad9e46197 noHover av-fixed-size av-1px-gap av-hover-overlay-active av-masonry-animation-active av-masonry-col-flexible av-caption-on-hover av-caption-style- av-masonry-gallery ' data-post_id=\"1748\"><div class=\"av-masonry-container isotope av-js-disabled\"><div class='av-masonry-entry isotope-item av-masonry-item-no-image '><\/div><a href=\"https:\/\/www.stockalperweg.ch\/wp-content\/uploads\/2020\/02\/Simplon-Adler-Simplonpass-1030x579.jpg\" data-srcset=\"https:\/\/www.stockalperweg.ch\/wp-content\/uploads\/2020\/02\/Simplon-Adler-Simplonpass-1030x579.jpg 1030w, https:\/\/www.stockalperweg.ch\/wp-content\/uploads\/2020\/02\/Simplon-Adler-Simplonpass-600x338.jpg 600w, https:\/\/www.stockalperweg.ch\/wp-content\/uploads\/2020\/02\/Simplon-Adler-Simplonpass-300x169.jpg 300w, https:\/\/www.stockalperweg.ch\/wp-content\/uploads\/2020\/02\/Simplon-Adler-Simplonpass-768x432.jpg 768w, https:\/\/www.stockalperweg.ch\/wp-content\/uploads\/2020\/02\/Simplon-Adler-Simplonpass-1536x864.jpg 1536w, https:\/\/www.stockalperweg.ch\/wp-content\/uploads\/2020\/02\/Simplon-Adler-Simplonpass-1500x844.jpg 1500w, https:\/\/www.stockalperweg.ch\/wp-content\/uploads\/2020\/02\/Simplon-Adler-Simplonpass-705x397.jpg 705w, https:\/\/www.stockalperweg.ch\/wp-content\/uploads\/2020\/02\/Simplon-Adler-Simplonpass.jpg 1680w\" data-sizes=\"(max-width: 1030px) 100vw, 1030px\"  aria-label=\"image Simplon Adler Simplonpass\"  id='av-masonry-1-item-794' data-av-masonry-item='794' class='av-masonry-entry isotope-item post-794 attachment type-attachment status-inherit hentry  av-masonry-item-with-image av-landscape-img' title=\"Simplon Adler Simplonpass\" alt=\"Angebote auf dem Stockalperweg\"    itemprop=\"thumbnailUrl\" ><div class='av-inner-masonry-sizer'><\/div><figure class='av-inner-masonry main_color'><div class=\"av-masonry-outerimage-container\"><div class='av-masonry-image-container' style=\"background-image: url(https:\/\/www.stockalperweg.ch\/wp-content\/uploads\/2020\/02\/Simplon-Adler-Simplonpass-705x397.jpg);\"  title=\"Simplon Adler Simplonpass\" ><\/div><\/div><\/figure><\/a><!--end av-masonry entry--><a href=\"https:\/\/www.stockalperweg.ch\/wp-content\/uploads\/2020\/02\/Alter-Spittel-und-Barralhaus-Simplonpass-1030x687.jpg\" data-srcset=\"https:\/\/www.stockalperweg.ch\/wp-content\/uploads\/2020\/02\/Alter-Spittel-und-Barralhaus-Simplonpass-1030x687.jpg 1030w, https:\/\/www.stockalperweg.ch\/wp-content\/uploads\/2020\/02\/Alter-Spittel-und-Barralhaus-Simplonpass-600x400.jpg 600w, https:\/\/www.stockalperweg.ch\/wp-content\/uploads\/2020\/02\/Alter-Spittel-und-Barralhaus-Simplonpass-300x200.jpg 300w, https:\/\/www.stockalperweg.ch\/wp-content\/uploads\/2020\/02\/Alter-Spittel-und-Barralhaus-Simplonpass-768x512.jpg 768w, https:\/\/www.stockalperweg.ch\/wp-content\/uploads\/2020\/02\/Alter-Spittel-und-Barralhaus-Simplonpass-705x470.jpg 705w, https:\/\/www.stockalperweg.ch\/wp-content\/uploads\/2020\/02\/Alter-Spittel-und-Barralhaus-Simplonpass.jpg 1500w\" data-sizes=\"(max-width: 1030px) 100vw, 1030px\"  aria-label=\"image Alter Spittel und Barralhaus Simplonpass\"  id='av-masonry-1-item-733' data-av-masonry-item='733' class='av-masonry-entry isotope-item post-733 attachment type-attachment status-inherit hentry  av-masonry-item-with-image av-grid-img' title=\"Alter Spittel und Barralhaus Simplonpass\" alt=\"Alter Spittel Barralhaus Stockalperweg ViaStockalper\"    itemprop=\"thumbnailUrl\" ><div class='av-inner-masonry-sizer'><\/div><figure class='av-inner-masonry main_color'><div class=\"av-masonry-outerimage-container\"><div class='av-masonry-image-container' style=\"background-image: url(https:\/\/www.stockalperweg.ch\/wp-content\/uploads\/2020\/02\/Alter-Spittel-und-Barralhaus-Simplonpass-705x470.jpg);\"  title=\"Alter Spittel und Barralhaus Simplonpass\" ><\/div><\/div><\/figure><\/a><!--end av-masonry entry--><a href=\"https:\/\/www.stockalperweg.ch\/wp-content\/uploads\/2020\/02\/Wanderer-bewundern-die-Berglandschaft-bei-Simplon-Dorf-1030x687.jpg\" data-srcset=\"https:\/\/www.stockalperweg.ch\/wp-content\/uploads\/2020\/02\/Wanderer-bewundern-die-Berglandschaft-bei-Simplon-Dorf-1030x687.jpg 1030w, https:\/\/www.stockalperweg.ch\/wp-content\/uploads\/2020\/02\/Wanderer-bewundern-die-Berglandschaft-bei-Simplon-Dorf-600x400.jpg 600w, https:\/\/www.stockalperweg.ch\/wp-content\/uploads\/2020\/02\/Wanderer-bewundern-die-Berglandschaft-bei-Simplon-Dorf-300x200.jpg 300w, https:\/\/www.stockalperweg.ch\/wp-content\/uploads\/2020\/02\/Wanderer-bewundern-die-Berglandschaft-bei-Simplon-Dorf-768x512.jpg 768w, https:\/\/www.stockalperweg.ch\/wp-content\/uploads\/2020\/02\/Wanderer-bewundern-die-Berglandschaft-bei-Simplon-Dorf-705x470.jpg 705w, https:\/\/www.stockalperweg.ch\/wp-content\/uploads\/2020\/02\/Wanderer-bewundern-die-Berglandschaft-bei-Simplon-Dorf.jpg 1500w\" data-sizes=\"(max-width: 1030px) 100vw, 1030px\"  aria-label=\"image Wanderer bewundern die Berglandschaft bei Simplon Dorf\"  id='av-masonry-1-item-730' data-av-masonry-item='730' class='av-masonry-entry isotope-item post-730 attachment type-attachment status-inherit hentry  av-masonry-item-with-image av-grid-img' title=\"Wanderer bewundern die Berglandschaft bei Simplon Dorf\" alt=\"Wanderer Simplon Dorf Seehorn Stockalperweg\"    itemprop=\"thumbnailUrl\" ><div class='av-inner-masonry-sizer'><\/div><figure class='av-inner-masonry main_color'><div class=\"av-masonry-outerimage-container\"><div class='av-masonry-image-container' style=\"background-image: url(https:\/\/www.stockalperweg.ch\/wp-content\/uploads\/2020\/02\/Wanderer-bewundern-die-Berglandschaft-bei-Simplon-Dorf-705x470.jpg);\"  title=\"Wanderer bewundern die Berglandschaft bei Simplon Dorf\" ><\/div><\/div><\/figure><\/a><!--end av-masonry entry--><a href=\"https:\/\/www.stockalperweg.ch\/wp-content\/uploads\/2020\/02\/Hospiz-auf-dem-Simplonpass-1030x687.jpg\" data-srcset=\"https:\/\/www.stockalperweg.ch\/wp-content\/uploads\/2020\/02\/Hospiz-auf-dem-Simplonpass-1030x687.jpg 1030w, https:\/\/www.stockalperweg.ch\/wp-content\/uploads\/2020\/02\/Hospiz-auf-dem-Simplonpass-600x400.jpg 600w, https:\/\/www.stockalperweg.ch\/wp-content\/uploads\/2020\/02\/Hospiz-auf-dem-Simplonpass-300x200.jpg 300w, https:\/\/www.stockalperweg.ch\/wp-content\/uploads\/2020\/02\/Hospiz-auf-dem-Simplonpass-768x512.jpg 768w, https:\/\/www.stockalperweg.ch\/wp-content\/uploads\/2020\/02\/Hospiz-auf-dem-Simplonpass-705x470.jpg 705w, https:\/\/www.stockalperweg.ch\/wp-content\/uploads\/2020\/02\/Hospiz-auf-dem-Simplonpass.jpg 1500w\" data-sizes=\"(max-width: 1030px) 100vw, 1030px\"  aria-label=\"image Hospiz auf dem Simplonpass\"  id='av-masonry-1-item-727' data-av-masonry-item='727' class='av-masonry-entry isotope-item post-727 attachment type-attachment status-inherit hentry  av-masonry-item-with-image av-grid-img' title=\"Hospiz auf dem Simplonpass\" alt=\"Hospiz Simplonpass Simplonhospiz Sempione Stockalperweg\"    itemprop=\"thumbnailUrl\" ><div class='av-inner-masonry-sizer'><\/div><figure class='av-inner-masonry main_color'><div class=\"av-masonry-outerimage-container\"><div class='av-masonry-image-container' style=\"background-image: url(https:\/\/www.stockalperweg.ch\/wp-content\/uploads\/2020\/02\/Hospiz-auf-dem-Simplonpass-705x470.jpg);\"  title=\"Hospiz auf dem Simplonpass\" ><\/div><\/div><\/figure><\/a><!--end av-masonry entry--><a href=\"https:\/\/www.stockalperweg.ch\/wp-content\/uploads\/2020\/02\/Stockalperweg-bei-den-Chluismatte-1030x773.jpg\" data-srcset=\"https:\/\/www.stockalperweg.ch\/wp-content\/uploads\/2020\/02\/Stockalperweg-bei-den-Chluismatte-1030x773.jpg 1030w, https:\/\/www.stockalperweg.ch\/wp-content\/uploads\/2020\/02\/Stockalperweg-bei-den-Chluismatte-600x450.jpg 600w, https:\/\/www.stockalperweg.ch\/wp-content\/uploads\/2020\/02\/Stockalperweg-bei-den-Chluismatte-300x225.jpg 300w, https:\/\/www.stockalperweg.ch\/wp-content\/uploads\/2020\/02\/Stockalperweg-bei-den-Chluismatte-768x576.jpg 768w, https:\/\/www.stockalperweg.ch\/wp-content\/uploads\/2020\/02\/Stockalperweg-bei-den-Chluismatte-1500x1125.jpg 1500w, https:\/\/www.stockalperweg.ch\/wp-content\/uploads\/2020\/02\/Stockalperweg-bei-den-Chluismatte-705x529.jpg 705w, https:\/\/www.stockalperweg.ch\/wp-content\/uploads\/2020\/02\/Stockalperweg-bei-den-Chluismatte.jpg 1512w\" data-sizes=\"(max-width: 1030px) 100vw, 1030px\"  aria-label=\"image Stockalperweg bei den Chluismatte\"  id='av-masonry-1-item-709' data-av-masonry-item='709' class='av-masonry-entry isotope-item post-709 attachment type-attachment status-inherit hentry  av-masonry-item-with-image av-grid-img' title=\"Stockalperweg bei den Chluismatte\" alt=\"Stockalperweg Alpenrosen Chluismatte Simplon\"    itemprop=\"thumbnailUrl\" ><div class='av-inner-masonry-sizer'><\/div><figure class='av-inner-masonry main_color'><div class=\"av-masonry-outerimage-container\"><div class='av-masonry-image-container' style=\"background-image: url(https:\/\/www.stockalperweg.ch\/wp-content\/uploads\/2020\/02\/Stockalperweg-bei-den-Chluismatte-705x529.jpg);\"  title=\"Stockalperweg bei den Chluismatte\" ><\/div><\/div><\/figure><\/a><!--end av-masonry entry--><a href=\"https:\/\/www.stockalperweg.ch\/wp-content\/uploads\/2020\/01\/ViaStockalper-Saltina-Mittub\u00e4ch-1030x773.jpg\" data-srcset=\"https:\/\/www.stockalperweg.ch\/wp-content\/uploads\/2020\/01\/ViaStockalper-Saltina-Mittub\u00e4ch-1030x773.jpg 1030w, https:\/\/www.stockalperweg.ch\/wp-content\/uploads\/2020\/01\/ViaStockalper-Saltina-Mittub\u00e4ch-600x450.jpg 600w, https:\/\/www.stockalperweg.ch\/wp-content\/uploads\/2020\/01\/ViaStockalper-Saltina-Mittub\u00e4ch-300x225.jpg 300w, https:\/\/www.stockalperweg.ch\/wp-content\/uploads\/2020\/01\/ViaStockalper-Saltina-Mittub\u00e4ch-768x576.jpg 768w, https:\/\/www.stockalperweg.ch\/wp-content\/uploads\/2020\/01\/ViaStockalper-Saltina-Mittub\u00e4ch-705x529.jpg 705w, https:\/\/www.stockalperweg.ch\/wp-content\/uploads\/2020\/01\/ViaStockalper-Saltina-Mittub\u00e4ch.jpg 1425w\" data-sizes=\"(max-width: 1030px) 100vw, 1030px\"  aria-label=\"image ViaStockalper Saltina Taferna Mittub\u00e4ch\"  id='av-masonry-1-item-693' data-av-masonry-item='693' class='av-masonry-entry isotope-item post-693 attachment type-attachment status-inherit hentry  av-masonry-item-with-image av-grid-img' title=\"ViaStockalper Saltina Taferna Mittub\u00e4ch\" alt=\"Wanderferien in der Schweiz\"    itemprop=\"thumbnailUrl\" ><div class='av-inner-masonry-sizer'><\/div><figure class='av-inner-masonry main_color'><div class=\"av-masonry-outerimage-container\"><div class='av-masonry-image-container' style=\"background-image: url(https:\/\/www.stockalperweg.ch\/wp-content\/uploads\/2020\/01\/ViaStockalper-Saltina-Mittub\u00e4ch-705x529.jpg);\"  title=\"ViaStockalper Saltina Taferna Mittub\u00e4ch\" ><\/div><\/div><\/figure><\/a><!--end av-masonry entry--><a href=\"https:\/\/www.stockalperweg.ch\/wp-content\/uploads\/2020\/02\/AlterSpittelWanderer14.jpg\" data-srcset=\"https:\/\/www.stockalperweg.ch\/wp-content\/uploads\/2020\/02\/AlterSpittelWanderer14.jpg 651w, https:\/\/www.stockalperweg.ch\/wp-content\/uploads\/2020\/02\/AlterSpittelWanderer14-600x708.jpg 600w, https:\/\/www.stockalperweg.ch\/wp-content\/uploads\/2020\/02\/AlterSpittelWanderer14-254x300.jpg 254w, https:\/\/www.stockalperweg.ch\/wp-content\/uploads\/2020\/02\/AlterSpittelWanderer14-598x705.jpg 598w\" data-sizes=\"(max-width: 651px) 100vw, 651px\"  aria-label=\"image AlterSpittelWanderer14\"  id='av-masonry-1-item-655' data-av-masonry-item='655' class='av-masonry-entry isotope-item post-655 attachment type-attachment status-inherit hentry  av-masonry-item-with-image av-grid-img' title=\"AlterSpittelWanderer14\" alt=\"Wanderpauschale Stockalperweg\"    itemprop=\"thumbnailUrl\" ><div class='av-inner-masonry-sizer'><\/div><figure class='av-inner-masonry main_color'><div class=\"av-masonry-outerimage-container\"><div class='av-masonry-image-container' style=\"background-image: url(https:\/\/www.stockalperweg.ch\/wp-content\/uploads\/2020\/02\/AlterSpittelWanderer14-598x705.jpg);\"  title=\"AlterSpittelWanderer14\" ><\/div><\/div><\/figure><\/a><!--end av-masonry entry--><a href=\"https:\/\/www.stockalperweg.ch\/wp-content\/uploads\/2020\/02\/S\u00e4umertrekking-Stockalperweg.jpg\" data-srcset=\"https:\/\/www.stockalperweg.ch\/wp-content\/uploads\/2020\/02\/S\u00e4umertrekking-Stockalperweg.jpg 700w, https:\/\/www.stockalperweg.ch\/wp-content\/uploads\/2020\/02\/S\u00e4umertrekking-Stockalperweg-600x399.jpg 600w, https:\/\/www.stockalperweg.ch\/wp-content\/uploads\/2020\/02\/S\u00e4umertrekking-Stockalperweg-300x199.jpg 300w\" data-sizes=\"(max-width: 700px) 100vw, 700px\"  aria-label=\"image S\u00e4umertrekking Stockalperweg\"  id='av-masonry-1-item-646' data-av-masonry-item='646' class='av-masonry-entry isotope-item post-646 attachment type-attachment status-inherit hentry  av-masonry-item-with-image av-grid-img' title=\"S\u00e4umertrekking Stockalperweg\" alt=\"S\u00e4umertrekking Stockalperweg\"    itemprop=\"thumbnailUrl\" ><div class='av-inner-masonry-sizer'><\/div><figure class='av-inner-masonry main_color'><div class=\"av-masonry-outerimage-container\"><div class='av-masonry-image-container' style=\"background-image: url(https:\/\/www.stockalperweg.ch\/wp-content\/uploads\/2020\/02\/S\u00e4umertrekking-Stockalperweg.jpg);\"  title=\"S\u00e4umertrekking Stockalperweg\" ><\/div><\/div><\/figure><\/a><!--end av-masonry entry--><a href=\"https:\/\/www.stockalperweg.ch\/wp-content\/uploads\/2020\/02\/Ehemaliges-Wirtshaus-Zer-Taferna-am-Stockalperweg-1030x771.jpg\" data-srcset=\"https:\/\/www.stockalperweg.ch\/wp-content\/uploads\/2020\/02\/Ehemaliges-Wirtshaus-Zer-Taferna-am-Stockalperweg-1030x771.jpg 1030w, https:\/\/www.stockalperweg.ch\/wp-content\/uploads\/2020\/02\/Ehemaliges-Wirtshaus-Zer-Taferna-am-Stockalperweg-600x449.jpg 600w, https:\/\/www.stockalperweg.ch\/wp-content\/uploads\/2020\/02\/Ehemaliges-Wirtshaus-Zer-Taferna-am-Stockalperweg-300x225.jpg 300w, https:\/\/www.stockalperweg.ch\/wp-content\/uploads\/2020\/02\/Ehemaliges-Wirtshaus-Zer-Taferna-am-Stockalperweg-768x575.jpg 768w, https:\/\/www.stockalperweg.ch\/wp-content\/uploads\/2020\/02\/Ehemaliges-Wirtshaus-Zer-Taferna-am-Stockalperweg-705x528.jpg 705w, https:\/\/www.stockalperweg.ch\/wp-content\/uploads\/2020\/02\/Ehemaliges-Wirtshaus-Zer-Taferna-am-Stockalperweg.jpg 1458w\" data-sizes=\"(max-width: 1030px) 100vw, 1030px\"  aria-label=\"image Ehemaliges Wirtshaus Zer Taferna am Stockalperweg\"  id='av-masonry-1-item-590' data-av-masonry-item='590' class='av-masonry-entry isotope-item post-590 attachment type-attachment status-inherit hentry  av-masonry-item-with-image av-grid-img' title=\"Ehemaliges Wirtshaus Zer Taferna am Stockalperweg\" alt=\"Ehemaliges Wirtshaus Zer Taferna am Stockalperweg\"    itemprop=\"thumbnailUrl\" ><div class='av-inner-masonry-sizer'><\/div><figure class='av-inner-masonry main_color'><div class=\"av-masonry-outerimage-container\"><div class='av-masonry-image-container' style=\"background-image: url(https:\/\/www.stockalperweg.ch\/wp-content\/uploads\/2020\/02\/Ehemaliges-Wirtshaus-Zer-Taferna-am-Stockalperweg-705x528.jpg);\"  title=\"Ehemaliges Wirtshaus Zer Taferna am Stockalperweg\" ><\/div><\/div><\/figure><\/a><!--end av-masonry entry--><a href=\"https:\/\/www.stockalperweg.ch\/wp-content\/uploads\/2020\/01\/ViaStockalper-Stockalperweg-mit-Fletschhorn_23.-Juni-2018-1030x644.jpg\" data-srcset=\"https:\/\/www.stockalperweg.ch\/wp-content\/uploads\/2020\/01\/ViaStockalper-Stockalperweg-mit-Fletschhorn_23.-Juni-2018-1030x644.jpg 1030w, https:\/\/www.stockalperweg.ch\/wp-content\/uploads\/2020\/01\/ViaStockalper-Stockalperweg-mit-Fletschhorn_23.-Juni-2018-scaled-600x375.jpg 600w, https:\/\/www.stockalperweg.ch\/wp-content\/uploads\/2020\/01\/ViaStockalper-Stockalperweg-mit-Fletschhorn_23.-Juni-2018-300x188.jpg 300w, https:\/\/www.stockalperweg.ch\/wp-content\/uploads\/2020\/01\/ViaStockalper-Stockalperweg-mit-Fletschhorn_23.-Juni-2018-768x480.jpg 768w, https:\/\/www.stockalperweg.ch\/wp-content\/uploads\/2020\/01\/ViaStockalper-Stockalperweg-mit-Fletschhorn_23.-Juni-2018-1536x960.jpg 1536w, https:\/\/www.stockalperweg.ch\/wp-content\/uploads\/2020\/01\/ViaStockalper-Stockalperweg-mit-Fletschhorn_23.-Juni-2018-2048x1280.jpg 2048w, https:\/\/www.stockalperweg.ch\/wp-content\/uploads\/2020\/01\/ViaStockalper-Stockalperweg-mit-Fletschhorn_23.-Juni-2018-1500x938.jpg 1500w, https:\/\/www.stockalperweg.ch\/wp-content\/uploads\/2020\/01\/ViaStockalper-Stockalperweg-mit-Fletschhorn_23.-Juni-2018-705x441.jpg 705w\" data-sizes=\"(max-width: 1030px) 100vw, 1030px\"  aria-label=\"image ViaStockalper Stockalperweg mit Fletschhorn\"  id='av-masonry-1-item-386' data-av-masonry-item='386' class='av-masonry-entry isotope-item post-386 attachment type-attachment status-inherit hentry  av-masonry-item-with-image av-grid-img' title=\"ViaStockalper Stockalperweg mit Fletschhorn\" alt=\"Fletschhorn Fr\u00fchling Alpenrosen Simplon\"    itemprop=\"thumbnailUrl\" ><div class='av-inner-masonry-sizer'><\/div><figure class='av-inner-masonry main_color'><div class=\"av-masonry-outerimage-container\"><div class='av-masonry-image-container' style=\"background-image: url(https:\/\/www.stockalperweg.ch\/wp-content\/uploads\/2020\/01\/ViaStockalper-Stockalperweg-mit-Fletschhorn_23.-Juni-2018-705x441.jpg);\"  title=\"ViaStockalper Stockalperweg mit Fletschhorn\" ><\/div><\/div><\/figure><\/a><!--end av-masonry entry--><a href=\"https:\/\/www.stockalperweg.ch\/wp-content\/uploads\/2020\/01\/Simplon-Adler-Simplonpass-am-Stockalperweg-687x1030.jpg\" data-srcset=\"https:\/\/www.stockalperweg.ch\/wp-content\/uploads\/2020\/01\/Simplon-Adler-Simplonpass-am-Stockalperweg-687x1030.jpg 687w, https:\/\/www.stockalperweg.ch\/wp-content\/uploads\/2020\/01\/Simplon-Adler-Simplonpass-am-Stockalperweg-scaled-600x900.jpg 600w, https:\/\/www.stockalperweg.ch\/wp-content\/uploads\/2020\/01\/Simplon-Adler-Simplonpass-am-Stockalperweg-200x300.jpg 200w, https:\/\/www.stockalperweg.ch\/wp-content\/uploads\/2020\/01\/Simplon-Adler-Simplonpass-am-Stockalperweg-768x1152.jpg 768w, https:\/\/www.stockalperweg.ch\/wp-content\/uploads\/2020\/01\/Simplon-Adler-Simplonpass-am-Stockalperweg-1024x1536.jpg 1024w, https:\/\/www.stockalperweg.ch\/wp-content\/uploads\/2020\/01\/Simplon-Adler-Simplonpass-am-Stockalperweg-1366x2048.jpg 1366w, https:\/\/www.stockalperweg.ch\/wp-content\/uploads\/2020\/01\/Simplon-Adler-Simplonpass-am-Stockalperweg-1000x1500.jpg 1000w, https:\/\/www.stockalperweg.ch\/wp-content\/uploads\/2020\/01\/Simplon-Adler-Simplonpass-am-Stockalperweg-470x705.jpg 470w, https:\/\/www.stockalperweg.ch\/wp-content\/uploads\/2020\/01\/Simplon-Adler-Simplonpass-am-Stockalperweg-scaled.jpg 1707w\" data-sizes=\"(max-width: 687px) 100vw, 687px\"  aria-label=\"image Simplon Adler Simplonpass am Stockalperweg\"  id='av-masonry-1-item-407' data-av-masonry-item='407' class='av-masonry-entry isotope-item post-407 attachment type-attachment status-inherit hentry  av-masonry-item-with-image av-grid-img' title=\"Simplon Adler Simplonpass am Stockalperweg\" alt=\"Simplon Adler Simplonpass am Stockalperweg\"    itemprop=\"thumbnailUrl\" ><div class='av-inner-masonry-sizer'><\/div><figure class='av-inner-masonry main_color'><div class=\"av-masonry-outerimage-container\"><div class='av-masonry-image-container' style=\"background-image: url(https:\/\/www.stockalperweg.ch\/wp-content\/uploads\/2020\/01\/Simplon-Adler-Simplonpass-am-Stockalperweg-470x705.jpg);\"  title=\"Simplon Adler Simplonpass am Stockalperweg\" ><\/div><\/div><\/figure><\/a><!--end av-masonry entry--><a href=\"https:\/\/www.stockalperweg.ch\/wp-content\/uploads\/2020\/02\/Stockalperschloss-Brig-1030x687.jpg\" data-srcset=\"https:\/\/www.stockalperweg.ch\/wp-content\/uploads\/2020\/02\/Stockalperschloss-Brig-1030x687.jpg 1030w, https:\/\/www.stockalperweg.ch\/wp-content\/uploads\/2020\/02\/Stockalperschloss-Brig-600x400.jpg 600w, https:\/\/www.stockalperweg.ch\/wp-content\/uploads\/2020\/02\/Stockalperschloss-Brig-300x200.jpg 300w, https:\/\/www.stockalperweg.ch\/wp-content\/uploads\/2020\/02\/Stockalperschloss-Brig-768x512.jpg 768w, https:\/\/www.stockalperweg.ch\/wp-content\/uploads\/2020\/02\/Stockalperschloss-Brig-705x470.jpg 705w, https:\/\/www.stockalperweg.ch\/wp-content\/uploads\/2020\/02\/Stockalperschloss-Brig.jpg 1500w\" data-sizes=\"(max-width: 1030px) 100vw, 1030px\"  aria-label=\"image Stockalperschloss Brig\"  id='av-masonry-1-item-560' data-av-masonry-item='560' class='av-masonry-entry isotope-item post-560 attachment type-attachment status-inherit hentry  av-masonry-item-with-image av-grid-img' title=\"Stockalperschloss Brig\" alt=\"Stockalperschloss oder Stockalperpalast Brig\"    itemprop=\"thumbnailUrl\" ><div class='av-inner-masonry-sizer'><\/div><figure class='av-inner-masonry main_color'><div class=\"av-masonry-outerimage-container\"><div class='av-masonry-image-container' style=\"background-image: url(https:\/\/www.stockalperweg.ch\/wp-content\/uploads\/2020\/02\/Stockalperschloss-Brig-705x470.jpg);\"  title=\"Stockalperschloss Brig\" ><\/div><\/div><\/figure><\/a><!--end av-masonry entry--><a href=\"https:\/\/www.stockalperweg.ch\/wp-content\/uploads\/2020\/01\/Stockalperweg_ViaStockalper-7-1030x773.jpg\" data-srcset=\"https:\/\/www.stockalperweg.ch\/wp-content\/uploads\/2020\/01\/Stockalperweg_ViaStockalper-7-1030x773.jpg 1030w, https:\/\/www.stockalperweg.ch\/wp-content\/uploads\/2020\/01\/Stockalperweg_ViaStockalper-7-600x450.jpg 600w, https:\/\/www.stockalperweg.ch\/wp-content\/uploads\/2020\/01\/Stockalperweg_ViaStockalper-7-300x225.jpg 300w, https:\/\/www.stockalperweg.ch\/wp-content\/uploads\/2020\/01\/Stockalperweg_ViaStockalper-7-768x576.jpg 768w, https:\/\/www.stockalperweg.ch\/wp-content\/uploads\/2020\/01\/Stockalperweg_ViaStockalper-7-1536x1152.jpg 1536w, https:\/\/www.stockalperweg.ch\/wp-content\/uploads\/2020\/01\/Stockalperweg_ViaStockalper-7-1500x1125.jpg 1500w, https:\/\/www.stockalperweg.ch\/wp-content\/uploads\/2020\/01\/Stockalperweg_ViaStockalper-7-705x529.jpg 705w, https:\/\/www.stockalperweg.ch\/wp-content\/uploads\/2020\/01\/Stockalperweg_ViaStockalper-7.jpg 2048w\" data-sizes=\"(max-width: 1030px) 100vw, 1030px\"  aria-label=\"image OLYMPUS DIGITAL CAMERA\"  id='av-masonry-1-item-342' data-av-masonry-item='342' class='av-masonry-entry isotope-item post-342 attachment type-attachment status-inherit hentry  av-masonry-item-with-image av-grid-img' title=\"OLYMPUS DIGITAL CAMERA\" alt=\"Kirche St. Marco in Gondo\"    itemprop=\"thumbnailUrl\" ><div class='av-inner-masonry-sizer'><\/div><figure class='av-inner-masonry main_color'><div class=\"av-masonry-outerimage-container\"><div class='av-masonry-image-container' style=\"background-image: url(https:\/\/www.stockalperweg.ch\/wp-content\/uploads\/2020\/01\/Stockalperweg_ViaStockalper-7-705x529.jpg);\"  title=\"OLYMPUS DIGITAL CAMERA\" ><\/div><\/div><\/figure><\/a><!--end av-masonry entry--><a href=\"https:\/\/www.stockalperweg.ch\/wp-content\/uploads\/2020\/01\/Stockalperweg_ViaStockalper-6-1030x773.jpg\" data-srcset=\"https:\/\/www.stockalperweg.ch\/wp-content\/uploads\/2020\/01\/Stockalperweg_ViaStockalper-6-1030x773.jpg 1030w, https:\/\/www.stockalperweg.ch\/wp-content\/uploads\/2020\/01\/Stockalperweg_ViaStockalper-6-600x450.jpg 600w, https:\/\/www.stockalperweg.ch\/wp-content\/uploads\/2020\/01\/Stockalperweg_ViaStockalper-6-300x225.jpg 300w, https:\/\/www.stockalperweg.ch\/wp-content\/uploads\/2020\/01\/Stockalperweg_ViaStockalper-6-768x576.jpg 768w, https:\/\/www.stockalperweg.ch\/wp-content\/uploads\/2020\/01\/Stockalperweg_ViaStockalper-6-1536x1152.jpg 1536w, https:\/\/www.stockalperweg.ch\/wp-content\/uploads\/2020\/01\/Stockalperweg_ViaStockalper-6-1500x1125.jpg 1500w, https:\/\/www.stockalperweg.ch\/wp-content\/uploads\/2020\/01\/Stockalperweg_ViaStockalper-6-705x529.jpg 705w, https:\/\/www.stockalperweg.ch\/wp-content\/uploads\/2020\/01\/Stockalperweg_ViaStockalper-6.jpg 2048w\" data-sizes=\"(max-width: 1030px) 100vw, 1030px\"  aria-label=\"image OLYMPUS DIGITAL CAMERA\"  id='av-masonry-1-item-339' data-av-masonry-item='339' class='av-masonry-entry isotope-item post-339 attachment type-attachment status-inherit hentry  av-masonry-item-with-image av-grid-img' title=\"OLYMPUS DIGITAL CAMERA\" alt=\"Gondoschlucht Stockalperweg ViaStockalper Package Wandern\"    itemprop=\"thumbnailUrl\" ><div class='av-inner-masonry-sizer'><\/div><figure class='av-inner-masonry main_color'><div class=\"av-masonry-outerimage-container\"><div class='av-masonry-image-container' style=\"background-image: url(https:\/\/www.stockalperweg.ch\/wp-content\/uploads\/2020\/01\/Stockalperweg_ViaStockalper-6-705x529.jpg);\"  title=\"OLYMPUS DIGITAL CAMERA\" ><\/div><\/div><\/figure><\/a><!--end av-masonry entry--><a href=\"https:\/\/www.stockalperweg.ch\/wp-content\/uploads\/2020\/01\/Stockalperweg_ViaStockalper-4-1030x687.jpg\" data-srcset=\"https:\/\/www.stockalperweg.ch\/wp-content\/uploads\/2020\/01\/Stockalperweg_ViaStockalper-4-1030x687.jpg 1030w, https:\/\/www.stockalperweg.ch\/wp-content\/uploads\/2020\/01\/Stockalperweg_ViaStockalper-4-600x400.jpg 600w, https:\/\/www.stockalperweg.ch\/wp-content\/uploads\/2020\/01\/Stockalperweg_ViaStockalper-4-300x200.jpg 300w, https:\/\/www.stockalperweg.ch\/wp-content\/uploads\/2020\/01\/Stockalperweg_ViaStockalper-4-768x512.jpg 768w, https:\/\/www.stockalperweg.ch\/wp-content\/uploads\/2020\/01\/Stockalperweg_ViaStockalper-4-1536x1024.jpg 1536w, https:\/\/www.stockalperweg.ch\/wp-content\/uploads\/2020\/01\/Stockalperweg_ViaStockalper-4-1500x1000.jpg 1500w, https:\/\/www.stockalperweg.ch\/wp-content\/uploads\/2020\/01\/Stockalperweg_ViaStockalper-4-705x470.jpg 705w, https:\/\/www.stockalperweg.ch\/wp-content\/uploads\/2020\/01\/Stockalperweg_ViaStockalper-4.jpg 2047w\" data-sizes=\"(max-width: 1030px) 100vw, 1030px\"  aria-label=\"image Stockalperweg_ViaStockalper (4)\"  id='av-masonry-1-item-333' data-av-masonry-item='333' class='av-masonry-entry isotope-item post-333 attachment type-attachment status-inherit hentry  av-masonry-item-with-image av-grid-img' title=\"Stockalperweg_ViaStockalper (4)\" alt=\"Stockalperweg Monscerapass im Zwischbergental\"    itemprop=\"thumbnailUrl\" ><div class='av-inner-masonry-sizer'><\/div><figure class='av-inner-masonry main_color'><div class=\"av-masonry-outerimage-container\"><div class='av-masonry-image-container' style=\"background-image: url(https:\/\/www.stockalperweg.ch\/wp-content\/uploads\/2020\/01\/Stockalperweg_ViaStockalper-4-705x470.jpg);\"  title=\"Stockalperweg_ViaStockalper (4)\" ><\/div><\/div><\/figure><\/a><!--end av-masonry entry--><a href=\"https:\/\/www.stockalperweg.ch\/wp-content\/uploads\/2020\/01\/Stockalperweg_ViaStockalper-3-1030x597.jpg\" data-srcset=\"https:\/\/www.stockalperweg.ch\/wp-content\/uploads\/2020\/01\/Stockalperweg_ViaStockalper-3-1030x597.jpg 1030w, https:\/\/www.stockalperweg.ch\/wp-content\/uploads\/2020\/01\/Stockalperweg_ViaStockalper-3-600x348.jpg 600w, https:\/\/www.stockalperweg.ch\/wp-content\/uploads\/2020\/01\/Stockalperweg_ViaStockalper-3-300x174.jpg 300w, https:\/\/www.stockalperweg.ch\/wp-content\/uploads\/2020\/01\/Stockalperweg_ViaStockalper-3-768x445.jpg 768w, https:\/\/www.stockalperweg.ch\/wp-content\/uploads\/2020\/01\/Stockalperweg_ViaStockalper-3-1536x890.jpg 1536w, https:\/\/www.stockalperweg.ch\/wp-content\/uploads\/2020\/01\/Stockalperweg_ViaStockalper-3-1500x869.jpg 1500w, https:\/\/www.stockalperweg.ch\/wp-content\/uploads\/2020\/01\/Stockalperweg_ViaStockalper-3-705x408.jpg 705w, https:\/\/www.stockalperweg.ch\/wp-content\/uploads\/2020\/01\/Stockalperweg_ViaStockalper-3.jpg 2047w\" data-sizes=\"(max-width: 1030px) 100vw, 1030px\"  aria-label=\"image Stockalperweg_ViaStockalper (3)\"  id='av-masonry-1-item-330' data-av-masonry-item='330' class='av-masonry-entry isotope-item post-330 attachment type-attachment status-inherit hentry  av-masonry-item-with-image av-landscape-img' title=\"Stockalperweg_ViaStockalper (3)\" alt=\"Stockalperweg ViaStockalper Saltinaschlucht\"    itemprop=\"thumbnailUrl\" ><div class='av-inner-masonry-sizer'><\/div><figure class='av-inner-masonry main_color'><div class=\"av-masonry-outerimage-container\"><div class='av-masonry-image-container' style=\"background-image: url(https:\/\/www.stockalperweg.ch\/wp-content\/uploads\/2020\/01\/Stockalperweg_ViaStockalper-3-705x408.jpg);\"  title=\"Stockalperweg_ViaStockalper (3)\" ><\/div><\/div><\/figure><\/a><!--end av-masonry entry--><a href=\"https:\/\/www.stockalperweg.ch\/wp-content\/uploads\/2020\/01\/Stockalperweg-in-Ried-Brig-1030x773.jpg\" data-srcset=\"https:\/\/www.stockalperweg.ch\/wp-content\/uploads\/2020\/01\/Stockalperweg-in-Ried-Brig-1030x773.jpg 1030w, https:\/\/www.stockalperweg.ch\/wp-content\/uploads\/2020\/01\/Stockalperweg-in-Ried-Brig-600x450.jpg 600w, https:\/\/www.stockalperweg.ch\/wp-content\/uploads\/2020\/01\/Stockalperweg-in-Ried-Brig-300x225.jpg 300w, https:\/\/www.stockalperweg.ch\/wp-content\/uploads\/2020\/01\/Stockalperweg-in-Ried-Brig-768x576.jpg 768w, https:\/\/www.stockalperweg.ch\/wp-content\/uploads\/2020\/01\/Stockalperweg-in-Ried-Brig-1536x1152.jpg 1536w, https:\/\/www.stockalperweg.ch\/wp-content\/uploads\/2020\/01\/Stockalperweg-in-Ried-Brig-1500x1125.jpg 1500w, https:\/\/www.stockalperweg.ch\/wp-content\/uploads\/2020\/01\/Stockalperweg-in-Ried-Brig-705x529.jpg 705w, https:\/\/www.stockalperweg.ch\/wp-content\/uploads\/2020\/01\/Stockalperweg-in-Ried-Brig.jpg 2048w\" data-sizes=\"(max-width: 1030px) 100vw, 1030px\"  aria-label=\"image Stockalperweg\"  id='av-masonry-1-item-297' data-av-masonry-item='297' class='av-masonry-entry isotope-item post-297 attachment type-attachment status-inherit hentry  av-masonry-item-with-image av-grid-img' title=\"Stockalperweg\" alt=\"Stockalperweg bei der Saltinaschlucht\"    itemprop=\"thumbnailUrl\" ><div class='av-inner-masonry-sizer'><\/div><figure class='av-inner-masonry main_color'><div class=\"av-masonry-outerimage-container\"><div class='av-masonry-image-container' style=\"background-image: url(https:\/\/www.stockalperweg.ch\/wp-content\/uploads\/2020\/01\/Stockalperweg-in-Ried-Brig-705x529.jpg);\"  title=\"Stockalperweg\" ><\/div><\/div><\/figure><\/a><!--end av-masonry entry--><a href=\"https:\/\/www.stockalperweg.ch\/wp-content\/uploads\/2020\/01\/Stockalperweg_ViaStockalper-1-1030x773.jpg\" data-srcset=\"https:\/\/www.stockalperweg.ch\/wp-content\/uploads\/2020\/01\/Stockalperweg_ViaStockalper-1-1030x773.jpg 1030w, https:\/\/www.stockalperweg.ch\/wp-content\/uploads\/2020\/01\/Stockalperweg_ViaStockalper-1-600x450.jpg 600w, https:\/\/www.stockalperweg.ch\/wp-content\/uploads\/2020\/01\/Stockalperweg_ViaStockalper-1-300x225.jpg 300w, https:\/\/www.stockalperweg.ch\/wp-content\/uploads\/2020\/01\/Stockalperweg_ViaStockalper-1-768x576.jpg 768w, https:\/\/www.stockalperweg.ch\/wp-content\/uploads\/2020\/01\/Stockalperweg_ViaStockalper-1-1536x1152.jpg 1536w, https:\/\/www.stockalperweg.ch\/wp-content\/uploads\/2020\/01\/Stockalperweg_ViaStockalper-1-1500x1125.jpg 1500w, https:\/\/www.stockalperweg.ch\/wp-content\/uploads\/2020\/01\/Stockalperweg_ViaStockalper-1-705x529.jpg 705w, https:\/\/www.stockalperweg.ch\/wp-content\/uploads\/2020\/01\/Stockalperweg_ViaStockalper-1.jpg 2048w\" data-sizes=\"(max-width: 1030px) 100vw, 1030px\"  aria-label=\"image OLYMPUS DIGITAL CAMERA\"  id='av-masonry-1-item-324' data-av-masonry-item='324' class='av-masonry-entry isotope-item post-324 attachment type-attachment status-inherit hentry  av-masonry-item-with-image av-grid-img' title=\"OLYMPUS DIGITAL CAMERA\" alt=\"Stockalperweg Wegweiser Wandern Wanderweg ViaStockalper bei Ried-Brig\"    itemprop=\"thumbnailUrl\" ><div class='av-inner-masonry-sizer'><\/div><figure class='av-inner-masonry main_color'><div class=\"av-masonry-outerimage-container\"><div class='av-masonry-image-container' style=\"background-image: url(https:\/\/www.stockalperweg.ch\/wp-content\/uploads\/2020\/01\/Stockalperweg_ViaStockalper-1-705x529.jpg);\"  title=\"OLYMPUS DIGITAL CAMERA\" ><\/div><\/div><\/figure><\/a><!--end av-masonry entry--><a href=\"https:\/\/www.stockalperweg.ch\/wp-content\/uploads\/2020\/01\/Stockalperweg_ViaStockalper-2-1030x686.jpg\" data-srcset=\"https:\/\/www.stockalperweg.ch\/wp-content\/uploads\/2020\/01\/Stockalperweg_ViaStockalper-2-1030x686.jpg 1030w, https:\/\/www.stockalperweg.ch\/wp-content\/uploads\/2020\/01\/Stockalperweg_ViaStockalper-2-600x400.jpg 600w, https:\/\/www.stockalperweg.ch\/wp-content\/uploads\/2020\/01\/Stockalperweg_ViaStockalper-2-300x200.jpg 300w, https:\/\/www.stockalperweg.ch\/wp-content\/uploads\/2020\/01\/Stockalperweg_ViaStockalper-2-768x512.jpg 768w, https:\/\/www.stockalperweg.ch\/wp-content\/uploads\/2020\/01\/Stockalperweg_ViaStockalper-2-1536x1024.jpg 1536w, https:\/\/www.stockalperweg.ch\/wp-content\/uploads\/2020\/01\/Stockalperweg_ViaStockalper-2-1500x1000.jpg 1500w, https:\/\/www.stockalperweg.ch\/wp-content\/uploads\/2020\/01\/Stockalperweg_ViaStockalper-2-705x470.jpg 705w, https:\/\/www.stockalperweg.ch\/wp-content\/uploads\/2020\/01\/Stockalperweg_ViaStockalper-2.jpg 2048w\" data-sizes=\"(max-width: 1030px) 100vw, 1030px\"  aria-label=\"image Stockalperweg_ViaStockalper (2)\"  id='av-masonry-1-item-327' data-av-masonry-item='327' class='av-masonry-entry isotope-item post-327 attachment type-attachment status-inherit hentry  av-masonry-item-with-image av-grid-img' title=\"Stockalperweg_ViaStockalper (2)\" alt=\"Stockalperweg Variante Talweg Ganter\"    itemprop=\"thumbnailUrl\" ><div class='av-inner-masonry-sizer'><\/div><figure class='av-inner-masonry main_color'><div class=\"av-masonry-outerimage-container\"><div class='av-masonry-image-container' style=\"background-image: url(https:\/\/www.stockalperweg.ch\/wp-content\/uploads\/2020\/01\/Stockalperweg_ViaStockalper-2-705x470.jpg);\"  title=\"Stockalperweg_ViaStockalper (2)\" ><\/div><\/div><\/figure><\/a><!--end av-masonry entry--><a href=\"https:\/\/www.stockalperweg.ch\/wp-content\/uploads\/2020\/01\/Stockalperweg_ViaStockalper-9-1030x773.jpg\" data-srcset=\"https:\/\/www.stockalperweg.ch\/wp-content\/uploads\/2020\/01\/Stockalperweg_ViaStockalper-9-1030x773.jpg 1030w, https:\/\/www.stockalperweg.ch\/wp-content\/uploads\/2020\/01\/Stockalperweg_ViaStockalper-9-600x450.jpg 600w, https:\/\/www.stockalperweg.ch\/wp-content\/uploads\/2020\/01\/Stockalperweg_ViaStockalper-9-300x225.jpg 300w, https:\/\/www.stockalperweg.ch\/wp-content\/uploads\/2020\/01\/Stockalperweg_ViaStockalper-9-768x576.jpg 768w, https:\/\/www.stockalperweg.ch\/wp-content\/uploads\/2020\/01\/Stockalperweg_ViaStockalper-9-1536x1152.jpg 1536w, https:\/\/www.stockalperweg.ch\/wp-content\/uploads\/2020\/01\/Stockalperweg_ViaStockalper-9-1500x1125.jpg 1500w, https:\/\/www.stockalperweg.ch\/wp-content\/uploads\/2020\/01\/Stockalperweg_ViaStockalper-9-705x529.jpg 705w, https:\/\/www.stockalperweg.ch\/wp-content\/uploads\/2020\/01\/Stockalperweg_ViaStockalper-9.jpg 2048w\" data-sizes=\"(max-width: 1030px) 100vw, 1030px\"  aria-label=\"image OLYMPUS DIGITAL CAMERA\"  id='av-masonry-1-item-348' data-av-masonry-item='348' class='av-masonry-entry isotope-item post-348 attachment type-attachment status-inherit hentry  av-masonry-item-with-image av-grid-img' title=\"OLYMPUS DIGITAL CAMERA\" alt=\"\"    itemprop=\"thumbnailUrl\" ><div class='av-inner-masonry-sizer'><\/div><figure class='av-inner-masonry main_color'><div class=\"av-masonry-outerimage-container\"><div class='av-masonry-image-container' style=\"background-image: url(https:\/\/www.stockalperweg.ch\/wp-content\/uploads\/2020\/01\/Stockalperweg_ViaStockalper-9-705x529.jpg);\"  title=\"OLYMPUS DIGITAL CAMERA\" ><\/div><\/div><\/figure><\/a><!--end av-masonry entry--><\/div><\/div><\/p><\/div>\n\n","protected":false},"excerpt":{"rendered":"<p>Il y a plus de 300 ans, le sentier muletier du Simplon a \u00e9t\u00e9 am\u00e9nag\u00e9 par Kaspar Stockalper, mais il a depuis longtemps c\u00e9d\u00e9 sa place \u00e0 des routes plus r\u00e9centes. Depuis quelques ann\u00e9es, il conna\u00eet un regain d&rsquo;int\u00e9r\u00eat en tant qu&rsquo;itin\u00e9raire de randonn\u00e9e culturelle.<\/p>\n<p>En trois \u00e9tapes journali\u00e8res, le sentier muletier m\u00e8ne de Brigue au col du Simplon et \u00e0 Gondo. D\u00e9couvrez les contrastes du sentier Stockalper : vastes for\u00eats de m\u00e9l\u00e8zes, roses des Alpes en fleurs, troupeaux de vaches, vall\u00e9es isol\u00e9es, torrents de montagne tumultueux, route nationale&#8230; Vous voyagez avec un sac \u00e0 dos journalier, vos bagages sont transport\u00e9s pour vous d&rsquo;un h\u00e9bergement \u00e0 l&rsquo;autre.<\/p>\n","protected":false},"author":4,"featured_media":693,"parent":1712,"menu_order":0,"comment_status":"closed","ping_status":"closed","template":"","meta":{"footnotes":""},"class_list":["post-1748","page","type-page","status-publish","has-post-thumbnail","hentry"],"yoast_head":"<!-- This site is optimized with the Yoast SEO plugin v27.5 - https:\/\/yoast.com\/product\/yoast-seo-wordpress\/ -->\n<title>Forfait randonn\u00e9e de 4 jours sur la ViaStockalper<\/title>\n<meta name=\"description\" content=\"Vous randonnez en 3 \u00e9tapes journali\u00e8res de Brigue \u00e0 Gondo. D\u00e9couvrez le forfait randonn\u00e9e sur la ViaStockalper avec transport organis\u00e9 des bagages.\" \/>\n<meta name=\"robots\" content=\"index, follow, max-snippet:-1, max-image-preview:large, max-video-preview:-1\" \/>\n<link rel=\"canonical\" href=\"https:\/\/www.stockalperweg.ch\/fr\/offres\/brigue-gondo\/\" \/>\n<meta property=\"og:locale\" content=\"fr_FR\" \/>\n<meta property=\"og:type\" content=\"article\" \/>\n<meta property=\"og:title\" content=\"Forfait randonn\u00e9e de 4 jours sur la ViaStockalper\" \/>\n<meta property=\"og:description\" content=\"Vous randonnez en 3 \u00e9tapes journali\u00e8res de Brigue \u00e0 Gondo. D\u00e9couvrez le forfait randonn\u00e9e sur la ViaStockalper avec transport organis\u00e9 des bagages.\" \/>\n<meta property=\"og:url\" content=\"https:\/\/www.stockalperweg.ch\/fr\/offres\/brigue-gondo\/\" \/>\n<meta property=\"og:site_name\" content=\"Stockalperweg\" \/>\n<meta property=\"article:publisher\" content=\"https:\/\/www.facebook.com\/ViaStockalper\" \/>\n<meta property=\"article:modified_time\" content=\"2025-01-13T14:28:15+00:00\" \/>\n<meta property=\"og:image\" content=\"https:\/\/www.stockalperweg.ch\/wp-content\/uploads\/2020\/01\/ViaStockalper-Saltina-Mittub\u00e4ch.jpg\" \/>\n\t<meta property=\"og:image:width\" content=\"1425\" \/>\n\t<meta property=\"og:image:height\" content=\"1069\" \/>\n\t<meta property=\"og:image:type\" content=\"image\/jpeg\" \/>\n<meta name=\"twitter:card\" content=\"summary_large_image\" \/>\n<meta name=\"twitter:label1\" content=\"Dur\u00e9e de lecture estim\u00e9e\" \/>\n\t<meta name=\"twitter:data1\" content=\"37 minutes\" \/>\n<script type=\"application\/ld+json\" class=\"yoast-schema-graph\">{\"@context\":\"https:\\\/\\\/schema.org\",\"@graph\":[{\"@type\":\"WebPage\",\"@id\":\"https:\\\/\\\/www.stockalperweg.ch\\\/fr\\\/offres\\\/brigue-gondo\\\/\",\"url\":\"https:\\\/\\\/www.stockalperweg.ch\\\/fr\\\/offres\\\/brigue-gondo\\\/\",\"name\":\"Forfait randonn\u00e9e de 4 jours sur la ViaStockalper\",\"isPartOf\":{\"@id\":\"https:\\\/\\\/www.stockalperweg.ch\\\/fr\\\/#website\"},\"primaryImageOfPage\":{\"@id\":\"https:\\\/\\\/www.stockalperweg.ch\\\/fr\\\/offres\\\/brigue-gondo\\\/#primaryimage\"},\"image\":{\"@id\":\"https:\\\/\\\/www.stockalperweg.ch\\\/fr\\\/offres\\\/brigue-gondo\\\/#primaryimage\"},\"thumbnailUrl\":\"https:\\\/\\\/www.stockalperweg.ch\\\/wp-content\\\/uploads\\\/2020\\\/01\\\/ViaStockalper-Saltina-Mittub\u00e4ch.jpg\",\"datePublished\":\"2020-08-06T12:29:00+00:00\",\"dateModified\":\"2025-01-13T14:28:15+00:00\",\"description\":\"Vous randonnez en 3 \u00e9tapes journali\u00e8res de Brigue \u00e0 Gondo. D\u00e9couvrez le forfait randonn\u00e9e sur la ViaStockalper avec transport organis\u00e9 des bagages.\",\"breadcrumb\":{\"@id\":\"https:\\\/\\\/www.stockalperweg.ch\\\/fr\\\/offres\\\/brigue-gondo\\\/#breadcrumb\"},\"inLanguage\":\"fr-FR\",\"potentialAction\":[{\"@type\":\"ReadAction\",\"target\":[\"https:\\\/\\\/www.stockalperweg.ch\\\/fr\\\/offres\\\/brigue-gondo\\\/\"]}]},{\"@type\":\"ImageObject\",\"inLanguage\":\"fr-FR\",\"@id\":\"https:\\\/\\\/www.stockalperweg.ch\\\/fr\\\/offres\\\/brigue-gondo\\\/#primaryimage\",\"url\":\"https:\\\/\\\/www.stockalperweg.ch\\\/wp-content\\\/uploads\\\/2020\\\/01\\\/ViaStockalper-Saltina-Mittub\u00e4ch.jpg\",\"contentUrl\":\"https:\\\/\\\/www.stockalperweg.ch\\\/wp-content\\\/uploads\\\/2020\\\/01\\\/ViaStockalper-Saltina-Mittub\u00e4ch.jpg\",\"width\":1425,\"height\":1069,\"caption\":\"ViaStockalper Saltina Taferna Mittub\u00e4ch\"},{\"@type\":\"BreadcrumbList\",\"@id\":\"https:\\\/\\\/www.stockalperweg.ch\\\/fr\\\/offres\\\/brigue-gondo\\\/#breadcrumb\",\"itemListElement\":[{\"@type\":\"ListItem\",\"position\":1,\"name\":\"Startseite\",\"item\":\"https:\\\/\\\/www.stockalperweg.ch\\\/fr\\\/\"},{\"@type\":\"ListItem\",\"position\":2,\"name\":\"Offres\",\"item\":\"https:\\\/\\\/www.stockalperweg.ch\\\/fr\\\/angebote\\\/\"},{\"@type\":\"ListItem\",\"position\":3,\"name\":\"Brigue &#8211; Gondo\"}]},{\"@type\":\"WebSite\",\"@id\":\"https:\\\/\\\/www.stockalperweg.ch\\\/fr\\\/#website\",\"url\":\"https:\\\/\\\/www.stockalperweg.ch\\\/fr\\\/\",\"name\":\"Stockalperweg\",\"description\":\"Der historische Wanderweg die ViaStockalper oder auch Stockalperweg f\u00fchrt von Brig nach Domodossola\",\"publisher\":{\"@id\":\"https:\\\/\\\/www.stockalperweg.ch\\\/fr\\\/#organization\"},\"potentialAction\":[{\"@type\":\"SearchAction\",\"target\":{\"@type\":\"EntryPoint\",\"urlTemplate\":\"https:\\\/\\\/www.stockalperweg.ch\\\/fr\\\/?s={search_term_string}\"},\"query-input\":{\"@type\":\"PropertyValueSpecification\",\"valueRequired\":true,\"valueName\":\"search_term_string\"}}],\"inLanguage\":\"fr-FR\"},{\"@type\":\"Organization\",\"@id\":\"https:\\\/\\\/www.stockalperweg.ch\\\/fr\\\/#organization\",\"name\":\"Stockalperweg\",\"url\":\"https:\\\/\\\/www.stockalperweg.ch\\\/fr\\\/\",\"logo\":{\"@type\":\"ImageObject\",\"inLanguage\":\"fr-FR\",\"@id\":\"https:\\\/\\\/www.stockalperweg.ch\\\/fr\\\/#\\\/schema\\\/logo\\\/image\\\/\",\"url\":\"https:\\\/\\\/www.stockalperweg.ch\\\/wp-content\\\/uploads\\\/2020\\\/01\\\/logo-2.png\",\"contentUrl\":\"https:\\\/\\\/www.stockalperweg.ch\\\/wp-content\\\/uploads\\\/2020\\\/01\\\/logo-2.png\",\"width\":400,\"height\":204,\"caption\":\"Stockalperweg\"},\"image\":{\"@id\":\"https:\\\/\\\/www.stockalperweg.ch\\\/fr\\\/#\\\/schema\\\/logo\\\/image\\\/\"},\"sameAs\":[\"https:\\\/\\\/www.facebook.com\\\/ViaStockalper\",\"https:\\\/\\\/de.wikipedia.org\\\/wiki\\\/Via_Stockalper\"]}]}<\/script>\n<!-- \/ Yoast SEO plugin. -->","yoast_head_json":{"title":"Forfait randonn\u00e9e de 4 jours sur la ViaStockalper","description":"Vous randonnez en 3 \u00e9tapes journali\u00e8res de Brigue \u00e0 Gondo. D\u00e9couvrez le forfait randonn\u00e9e sur la ViaStockalper avec transport organis\u00e9 des bagages.","robots":{"index":"index","follow":"follow","max-snippet":"max-snippet:-1","max-image-preview":"max-image-preview:large","max-video-preview":"max-video-preview:-1"},"canonical":"https:\/\/www.stockalperweg.ch\/fr\/offres\/brigue-gondo\/","og_locale":"fr_FR","og_type":"article","og_title":"Forfait randonn\u00e9e de 4 jours sur la ViaStockalper","og_description":"Vous randonnez en 3 \u00e9tapes journali\u00e8res de Brigue \u00e0 Gondo. D\u00e9couvrez le forfait randonn\u00e9e sur la ViaStockalper avec transport organis\u00e9 des bagages.","og_url":"https:\/\/www.stockalperweg.ch\/fr\/offres\/brigue-gondo\/","og_site_name":"Stockalperweg","article_publisher":"https:\/\/www.facebook.com\/ViaStockalper","article_modified_time":"2025-01-13T14:28:15+00:00","og_image":[{"width":1425,"height":1069,"url":"https:\/\/www.stockalperweg.ch\/wp-content\/uploads\/2020\/01\/ViaStockalper-Saltina-Mittub\u00e4ch.jpg","type":"image\/jpeg"}],"twitter_card":"summary_large_image","twitter_misc":{"Dur\u00e9e de lecture estim\u00e9e":"37 minutes"},"schema":{"@context":"https:\/\/schema.org","@graph":[{"@type":"WebPage","@id":"https:\/\/www.stockalperweg.ch\/fr\/offres\/brigue-gondo\/","url":"https:\/\/www.stockalperweg.ch\/fr\/offres\/brigue-gondo\/","name":"Forfait randonn\u00e9e de 4 jours sur la ViaStockalper","isPartOf":{"@id":"https:\/\/www.stockalperweg.ch\/fr\/#website"},"primaryImageOfPage":{"@id":"https:\/\/www.stockalperweg.ch\/fr\/offres\/brigue-gondo\/#primaryimage"},"image":{"@id":"https:\/\/www.stockalperweg.ch\/fr\/offres\/brigue-gondo\/#primaryimage"},"thumbnailUrl":"https:\/\/www.stockalperweg.ch\/wp-content\/uploads\/2020\/01\/ViaStockalper-Saltina-Mittub\u00e4ch.jpg","datePublished":"2020-08-06T12:29:00+00:00","dateModified":"2025-01-13T14:28:15+00:00","description":"Vous randonnez en 3 \u00e9tapes journali\u00e8res de Brigue \u00e0 Gondo. D\u00e9couvrez le forfait randonn\u00e9e sur la ViaStockalper avec transport organis\u00e9 des bagages.","breadcrumb":{"@id":"https:\/\/www.stockalperweg.ch\/fr\/offres\/brigue-gondo\/#breadcrumb"},"inLanguage":"fr-FR","potentialAction":[{"@type":"ReadAction","target":["https:\/\/www.stockalperweg.ch\/fr\/offres\/brigue-gondo\/"]}]},{"@type":"ImageObject","inLanguage":"fr-FR","@id":"https:\/\/www.stockalperweg.ch\/fr\/offres\/brigue-gondo\/#primaryimage","url":"https:\/\/www.stockalperweg.ch\/wp-content\/uploads\/2020\/01\/ViaStockalper-Saltina-Mittub\u00e4ch.jpg","contentUrl":"https:\/\/www.stockalperweg.ch\/wp-content\/uploads\/2020\/01\/ViaStockalper-Saltina-Mittub\u00e4ch.jpg","width":1425,"height":1069,"caption":"ViaStockalper Saltina Taferna Mittub\u00e4ch"},{"@type":"BreadcrumbList","@id":"https:\/\/www.stockalperweg.ch\/fr\/offres\/brigue-gondo\/#breadcrumb","itemListElement":[{"@type":"ListItem","position":1,"name":"Startseite","item":"https:\/\/www.stockalperweg.ch\/fr\/"},{"@type":"ListItem","position":2,"name":"Offres","item":"https:\/\/www.stockalperweg.ch\/fr\/angebote\/"},{"@type":"ListItem","position":3,"name":"Brigue &#8211; Gondo"}]},{"@type":"WebSite","@id":"https:\/\/www.stockalperweg.ch\/fr\/#website","url":"https:\/\/www.stockalperweg.ch\/fr\/","name":"Stockalperweg","description":"Der historische Wanderweg die ViaStockalper oder auch Stockalperweg f\u00fchrt von Brig nach Domodossola","publisher":{"@id":"https:\/\/www.stockalperweg.ch\/fr\/#organization"},"potentialAction":[{"@type":"SearchAction","target":{"@type":"EntryPoint","urlTemplate":"https:\/\/www.stockalperweg.ch\/fr\/?s={search_term_string}"},"query-input":{"@type":"PropertyValueSpecification","valueRequired":true,"valueName":"search_term_string"}}],"inLanguage":"fr-FR"},{"@type":"Organization","@id":"https:\/\/www.stockalperweg.ch\/fr\/#organization","name":"Stockalperweg","url":"https:\/\/www.stockalperweg.ch\/fr\/","logo":{"@type":"ImageObject","inLanguage":"fr-FR","@id":"https:\/\/www.stockalperweg.ch\/fr\/#\/schema\/logo\/image\/","url":"https:\/\/www.stockalperweg.ch\/wp-content\/uploads\/2020\/01\/logo-2.png","contentUrl":"https:\/\/www.stockalperweg.ch\/wp-content\/uploads\/2020\/01\/logo-2.png","width":400,"height":204,"caption":"Stockalperweg"},"image":{"@id":"https:\/\/www.stockalperweg.ch\/fr\/#\/schema\/logo\/image\/"},"sameAs":["https:\/\/www.facebook.com\/ViaStockalper","https:\/\/de.wikipedia.org\/wiki\/Via_Stockalper"]}]}},"_links":{"self":[{"href":"https:\/\/www.stockalperweg.ch\/fr\/wp-json\/wp\/v2\/pages\/1748","targetHints":{"allow":["GET"]}}],"collection":[{"href":"https:\/\/www.stockalperweg.ch\/fr\/wp-json\/wp\/v2\/pages"}],"about":[{"href":"https:\/\/www.stockalperweg.ch\/fr\/wp-json\/wp\/v2\/types\/page"}],"author":[{"embeddable":true,"href":"https:\/\/www.stockalperweg.ch\/fr\/wp-json\/wp\/v2\/users\/4"}],"replies":[{"embeddable":true,"href":"https:\/\/www.stockalperweg.ch\/fr\/wp-json\/wp\/v2\/comments?post=1748"}],"version-history":[{"count":26,"href":"https:\/\/www.stockalperweg.ch\/fr\/wp-json\/wp\/v2\/pages\/1748\/revisions"}],"predecessor-version":[{"id":5017,"href":"https:\/\/www.stockalperweg.ch\/fr\/wp-json\/wp\/v2\/pages\/1748\/revisions\/5017"}],"up":[{"embeddable":true,"href":"https:\/\/www.stockalperweg.ch\/fr\/wp-json\/wp\/v2\/pages\/1712"}],"wp:featuredmedia":[{"embeddable":true,"href":"https:\/\/www.stockalperweg.ch\/fr\/wp-json\/wp\/v2\/media\/693"}],"wp:attachment":[{"href":"https:\/\/www.stockalperweg.ch\/fr\/wp-json\/wp\/v2\/media?parent=1748"}],"curies":[{"name":"wp","href":"https:\/\/api.w.org\/{rel}","templated":true}]}}